{"id":16495,"date":"2025-05-14T11:12:53","date_gmt":"2025-05-14T09:12:53","guid":{"rendered":"https:\/\/www.fibrotubi.com\/etiquetage-environnemental-des-emballages\/"},"modified":"2026-03-13T14:52:10","modified_gmt":"2026-03-13T13:52:10","slug":"etiquetage-environnemental-des-emballages","status":"publish","type":"page","link":"https:\/\/www.fibrotubi.com\/fr\/etiquetage-environnemental-des-emballages\/","title":{"rendered":"\u00c9tiquetage environnemental des emballages"},"content":{"rendered":"\t\t<div data-elementor-type=\"wp-page\" data-elementor-id=\"16495\" class=\"elementor elementor-16495 elementor-14004\" data-elementor-post-type=\"page\">\n\t\t\t\t<div class=\"elementor-element elementor-element-a7b9e8a e-flex e-con-boxed e-con e-parent\" data-id=\"a7b9e8a\" data-element_type=\"container\" data-e-type=\"container\">\n\t\t\t\t\t<div class=\"e-con-inner\">\n\t\t\t\t<div class=\"elementor-element elementor-element-d8e16ef elementor-widget elementor-widget-heading\" data-id=\"d8e16ef\" data-element_type=\"widget\" data-e-type=\"widget\" data-widget_type=\"heading.default\">\n\t\t\t\t<div class=\"elementor-widget-container\">\n\t\t\t\t\t<h2 class=\"elementor-heading-title elementor-size-default\">\u00c9tiquetage environnemental des emballages<\/h2>\t\t\t\t<\/div>\n\t\t\t\t<\/div>\n\t\t\t\t<div class=\"elementor-element elementor-element-7556566 elementor-widget elementor-widget-heading\" data-id=\"7556566\" data-element_type=\"widget\" data-e-type=\"widget\" data-widget_type=\"heading.default\">\n\t\t\t\t<div class=\"elementor-widget-container\">\n\t\t\t\t\t<h6 class=\"elementor-heading-title elementor-size-default\">D\u00c9CRET L\u00c9GISLATIF du 3 septembre 2020 n\u00b0116<\/h6>\t\t\t\t<\/div>\n\t\t\t\t<\/div>\n\t\t\t\t\t<\/div>\n\t\t\t\t<\/div>\n\t\t<div class=\"elementor-element elementor-element-cdb0704 e-flex e-con-boxed e-con e-parent\" data-id=\"cdb0704\" data-element_type=\"container\" data-e-type=\"container\">\n\t\t\t\t\t<div class=\"e-con-inner\">\n\t\t\t\t<div class=\"elementor-element elementor-element-09f1607 elementor-widget elementor-widget-text-editor\" data-id=\"09f1607\" data-element_type=\"widget\" data-e-type=\"widget\" data-widget_type=\"text-editor.default\">\n\t\t\t\t<div class=\"elementor-widget-container\">\n\t\t\t\t\t\t\t\t\t<div id=\"vc_row-68245d958d912\" class=\"vc_row wpb_row vc_row-fluid vc_custom_1569241080581 thegem-custom-68245d958d8fe8978\"><div class=\"wpb_column vc_column_container vc_col-sm-12 thegem-custom-68245d958dbe42276\"><div class=\"vc_column-inner thegem-custom-inner-68245d958dbe6 \"><div class=\"wpb_wrapper thegem-custom-68245d958dbe42276\"><div class=\"wpb_text_column wpb_content_element thegem-vc-text thegem-custom-68245d958dde97737\"><div class=\"wpb_wrapper\"><p>D\u00c9CRET L\u00c9GISLATIF du 3 septembre 2020 n\u00b0116<br>Transposition de la directive (UE) 2018\/851 modifiant la directive 2008\/98\/CE relative aux d\u00e9chets et transposition de la directive (UE) 2018\/852 modifiant la directive 1994\/62\/CE relative aux emballages et aux d\u00e9chets d\u2019emballages. (20G00135) (Journal officiel, S\u00e9rie g\u00e9n\u00e9rale n\u00b0226 du 11-09-2020). <\/p><p>Fibrotubi Srl Packaging<br>Dans la r\u00e9alisation des emballages n\u00e9cessaires \u00e0 la manutention et au stockage des produits de Fibrotubi Srl, les syst\u00e8mes automatiques ou semi-automatiques utilisent des mat\u00e9riaux recyclables.<br>Le type d\u2019emballage d\u00e9pend directement de :<\/p><p>\u2013 Degr\u00e9 de fragilit\u00e9 du produit ;<br>\u2013 Dimensions du produit ;<br>\u2013 Destination d\u2019usage (couverture, rev\u00eatement ou sous-structure) ;<br>\u2013 Sensibilit\u00e9 du produit aux agents atmosph\u00e9riques ;<br>\u2013 Type de manutention et de transport ;<br>\u2013 Lieu de destination de la marchandise.<\/p><p>Ci-dessous sont indiqu\u00e9es nos lignes de produits, avec la description de la liste des mat\u00e9riaux utilis\u00e9s pour les types d\u2019emballage les plus fr\u00e9quents et l\u2019indication correspondante des codes de recyclage, conform\u00e9ment aux r\u00e9glementations en vigueur.<\/p><\/div><\/div><\/div><\/div><\/div><\/div><div id=\"vc_row-68245d958e062\" class=\"vc_row wpb_row vc_row-fluid vc_custom_1569241080581 thegem-custom-68245d958e0538207\"><div class=\"wpb_column vc_column_container vc_col-sm-12 thegem-custom-68245d958e2696791\"><div class=\"vc_column-inner thegem-custom-inner-68245d958e26c \"><div class=\"wpb_wrapper thegem-custom-68245d958e2696791\"><div class=\"wpb_text_column wpb_content_element vc_custom_1671695460638 thegem-vc-text thegem-custom-68245d958e4062305\"><div class=\"wpb_wrapper\"><h4> <\/h4><h4>Couvertures m\u00e9talliques \u2013 Plaques et panneaux<\/h4><\/div><\/div><\/div><\/div><\/div><\/div><div id=\"vc_row-68245d958e619\" class=\"vc_row wpb_row vc_row-fluid thegem-custom-68245d958e60e3229\"><div class=\"wpb_column vc_column_container vc_col-sm-6 thegem-custom-68245d958e84c6518\"><div class=\"vc_column-inner thegem-custom-inner-68245d958e84e \"><div class=\"wpb_wrapper thegem-custom-68245d958e84c6518\"><div class=\"gem-icon-with-text gem-icon-with-text-icon-size-small\"><div class=\"gem-icon-with-text-content\"><div class=\"gem-icon-with-text-text\"><div class=\"wpb_text_column wpb_content_element thegem-vc-text thegem-custom-68245d958eb6c9435\"><div class=\"wpb_wrapper\"><p><a href=\"https:\/\/www.old-fibrotubi.quantikweb.it\/wp-content\/uploads\/2022\/12\/Coperture-Metalliche-Linea-Imballi-e-riciclo_22-12-22.pdf\" target=\"_blank\" rel=\"noopener noreferrer\"><strong>Couvertures-m\u00e9talliques-Ligne-Emballages-et-Recyclage_22-12-22.pdf<\/strong><\/a><\/p><\/div><\/div><\/div><\/div><div class=\"clearboth\"> <\/div><\/div><\/div><\/div><\/div><div class=\"wpb_column vc_column_container vc_col-sm-6 thegem-custom-68245d958ed536988\"><div class=\"vc_column-inner thegem-custom-inner-68245d958ed55 \"><div class=\"wpb_wrapper thegem-custom-68245d958ed536988\"> <\/div><\/div><\/div><\/div><div id=\"vc_row-68245d958ef62\" class=\"vc_row wpb_row vc_row-fluid thegem-custom-68245d958ef575351\"><div class=\"wpb_column vc_column_container vc_col-sm-12 thegem-custom-68245d958f1894788\"><div class=\"vc_column-inner thegem-custom-inner-68245d958f18b \"><div class=\"wpb_wrapper thegem-custom-68245d958f1894788\"><div class=\"clearboth\"> <\/div><div id=\"thegem-divider-68245d958f269\" class=\"gem-divider \"> <\/div><div class=\"wpb_text_column wpb_content_element thegem-vc-text thegem-custom-68245d958f3587164\"><div class=\"wpb_wrapper\"><h4>Orchidea Ch\u00e2ssis coulissants et accessoires<\/h4><\/div><\/div><\/div><\/div><\/div><\/div><div id=\"vc_row-68245d958f561\" class=\"vc_row wpb_row vc_row-fluid thegem-custom-68245d958f5569288\"><div class=\"wpb_column vc_column_container vc_col-sm-6 thegem-custom-68245d958f73a5204\"><div class=\"vc_column-inner thegem-custom-inner-68245d958f73c \"><div class=\"wpb_wrapper thegem-custom-68245d958f73a5204\"><div class=\"gem-icon-with-text gem-icon-with-text-icon-size-small\"><div class=\"gem-icon-with-text-content\"><div class=\"gem-icon-with-text-text\"><div class=\"wpb_text_column wpb_content_element thegem-vc-text thegem-custom-68245d958f9dd2124\"><div class=\"wpb_wrapper\"><p><a href=\"https:\/\/www.old-fibrotubi.quantikweb.it\/wp-content\/uploads\/2022\/12\/Orchidea-e-Accessori-Linea-Imballi-e-riciclo_21-12-22.pdf\" target=\"_blank\" rel=\"noopener noreferrer\"><strong>Orchidea-et-Accessoires-Ligne-Emballages-et-Recyclage_21-12-22.pdf<\/strong><\/a><\/p><\/div><\/div><\/div><\/div><div class=\"clearboth\"> <\/div><\/div><\/div><\/div><\/div><div class=\"wpb_column vc_column_container vc_col-sm-6 thegem-custom-68245d958fbaa9774\"><div class=\"vc_column-inner thegem-custom-inner-68245d958fbac \"><div class=\"wpb_wrapper thegem-custom-68245d958fbaa9774\"> <\/div><\/div><\/div><\/div><div id=\"vc_row-68245d958fda6\" class=\"vc_row wpb_row vc_row-fluid thegem-custom-68245d958fd9c6760\"><div class=\"wpb_column vc_column_container vc_col-sm-12 thegem-custom-68245d958ff752922\"><div class=\"vc_column-inner thegem-custom-inner-68245d958ff77 \"><div class=\"wpb_wrapper thegem-custom-68245d958ff752922\"><div class=\"clearboth\"> <\/div><div id=\"thegem-divider-68245d959004c\" class=\"gem-divider \"> <\/div><div class=\"wpb_text_column wpb_content_element thegem-vc-text thegem-custom-68245d9590158513\"><div class=\"wpb_wrapper\"><h4>Eterinox Syst\u00e8mes de conduits de fum\u00e9e<\/h4><\/div><\/div><\/div><\/div><\/div><\/div><div id=\"vc_row-68245d959036d\" class=\"vc_row wpb_row vc_row-fluid thegem-custom-68245d95903638113\"><div class=\"wpb_column vc_column_container vc_col-sm-6 thegem-custom-68245d959054a6890\"><div class=\"vc_column-inner thegem-custom-inner-68245d959054c \"><div class=\"wpb_wrapper thegem-custom-68245d959054a6890\"><div class=\"gem-icon-with-text gem-icon-with-text-icon-size-small\"><div class=\"gem-icon-with-text-content\"><div class=\"gem-icon-with-text-text\"><div class=\"wpb_text_column wpb_content_element thegem-vc-text thegem-custom-68245d95907f21744\"><div class=\"wpb_wrapper\"><p><a href=\"https:\/\/www.old-fibrotubi.quantikweb.it\/wp-content\/uploads\/2022\/12\/ETERINOX-Linea-Imballi-e-riciclo_23-12-22.pdf\" target=\"_blank\" rel=\"noopener noreferrer\"><strong>ETERINOX-Ligne-Emballages-et-Recyclage_23-12-22.pdf<\/strong><\/a><\/p><\/div><\/div><\/div><\/div><div class=\"clearboth\"> <\/div><\/div><\/div><\/div><\/div><div class=\"wpb_column vc_column_container vc_col-sm-6 thegem-custom-68245d95909cd6201\"><div class=\"vc_column-inner thegem-custom-inner-68245d95909cf \"><div class=\"wpb_wrapper thegem-custom-68245d95909cd6201\"> <\/div><\/div><\/div><\/div><div id=\"vc_row-68245d9590be0\" class=\"vc_row wpb_row vc_row-fluid thegem-custom-68245d9590bd59984\"><div class=\"wpb_column vc_column_container vc_col-sm-12 thegem-custom-68245d9590dc81721\"><div class=\"vc_column-inner thegem-custom-inner-68245d9590dca \"><div class=\"wpb_wrapper thegem-custom-68245d9590dc81721\"><div class=\"clearboth\"> <\/div><div id=\"thegem-divider-68245d9590ea0\" class=\"gem-divider \"> <\/div><div class=\"wpb_text_column wpb_content_element thegem-vc-text thegem-custom-68245d9590f951118\"><div class=\"wpb_wrapper\"><h4>Fibrotek Panneaux thermo-isolants<br> <br> <br><\/h4><\/div><\/div><\/div><\/div><\/div><\/div><div id=\"vc_row-68245d95911a5\" class=\"vc_row wpb_row vc_row-fluid thegem-custom-68245d959119a4761\"><div class=\"wpb_column vc_column_container vc_col-sm-6 thegem-custom-68245d959136b5514\"><div class=\"vc_column-inner thegem-custom-inner-68245d959136d \"><div class=\"wpb_wrapper thegem-custom-68245d959136b5514\"><div class=\"gem-icon-with-text gem-icon-with-text-icon-size-small\"><div class=\"gem-icon-with-text-content\"><div class=\"gem-icon-with-text-text\"><div class=\"wpb_text_column wpb_content_element thegem-vc-text thegem-custom-68245d959160e6250\"><div class=\"wpb_wrapper\"><p><a href=\"https:\/\/www.old-fibrotubi.quantikweb.it\/wp-content\/uploads\/2022\/12\/Fibrotek-e-Fibrotek-Plus-Linea-Imballi-e-riciclo_22-12-22.pdf\" target=\"_blank\" rel=\"noopener noreferrer\"><strong>Fibrotek-et-Fibrotek-Plus-Ligne-Emballages-et-Recyclage_22-12-22.pdf<\/strong><\/a><\/p><\/div><\/div><\/div><\/div><div class=\"clearboth\"> <\/div><\/div><\/div><\/div><\/div><div class=\"wpb_column vc_column_container vc_col-sm-6 thegem-custom-68245d95917fc3849\"><div class=\"vc_column-inner thegem-custom-inner-68245d95917fe \"><div class=\"wpb_wrapper thegem-custom-68245d95917fc3849\"> <\/div><\/div><\/div><\/div><div id=\"vc_row-68245d95919f6\" class=\"vc_row wpb_row vc_row-fluid thegem-custom-68245d95919ec9228\"><div class=\"wpb_column vc_column_container vc_col-sm-12 thegem-custom-68245d9591bc45221\"><div class=\"vc_column-inner thegem-custom-inner-68245d9591bc6 \"><div class=\"wpb_wrapper thegem-custom-68245d9591bc45221\"><div class=\"clearboth\"> <\/div><div id=\"thegem-divider-68245d9591ca2\" class=\"gem-divider \"> <\/div><div class=\"wpb_text_column wpb_content_element thegem-vc-text thegem-custom-68245d9591d8b4280\"><div class=\"wpb_wrapper\"><h4>GEA Ligne Fibrociment<\/h4><\/div><\/div><\/div><\/div><\/div><\/div><div id=\"vc_row-68245d9591f9a\" class=\"vc_row wpb_row vc_row-fluid thegem-custom-68245d9591f901923\"><div class=\"wpb_column vc_column_container vc_col-sm-6 thegem-custom-68245d959217c7032\"><div class=\"vc_column-inner thegem-custom-inner-68245d959217e \"><div class=\"wpb_wrapper thegem-custom-68245d959217c7032\"><div class=\"gem-icon-with-text gem-icon-with-text-icon-size-small\"><div class=\"gem-icon-with-text-content\"><div class=\"gem-icon-with-text-text\"><div class=\"wpb_text_column wpb_content_element thegem-vc-text thegem-custom-68245d959243c384\"><div class=\"wpb_wrapper\"><p><a href=\"https:\/\/www.old-fibrotubi.quantikweb.it\/wp-content\/uploads\/2022\/12\/Gea-Linea-Imballi-e-riciclo_22-12-22.pdf\" target=\"_blank\" rel=\"noopener noreferrer\"><strong>GEA-Ligne-Emballages-et-Recyclage_22-12-22.pdf<\/strong><\/a><\/p><\/div><\/div><\/div><\/div><\/div><\/div><\/div><\/div><\/div>\t\t\t\t\t\t\t\t<\/div>\n\t\t\t\t<\/div>\n\t\t\t\t\t<\/div>\n\t\t\t\t<\/div>\n\t\t\t\t<\/div>\n\t\t","protected":false},"excerpt":{"rendered":"<p>\u00c9tiquetage environnemental des emballages D\u00c9CRET L\u00c9GISLATIF du 3 septembre 2020 n\u00b0116 D\u00c9CRET L\u00c9GISLATIF du 3 septembre 2020 n\u00b0116Transposition de la directive (UE) 2018\/851 modifiant la directive 2008\/98\/CE relative aux d\u00e9chets et transposition de la directive (UE) 2018\/852 modifiant la directive 1994\/62\/CE relative aux emballages et aux d\u00e9chets d\u2019emballages. (20G00135) (Journal officiel, S\u00e9rie g\u00e9n\u00e9rale n\u00b0226 du [&hellip;]<\/p>\n","protected":false},"author":1,"featured_media":0,"parent":0,"menu_order":0,"comment_status":"closed","ping_status":"closed","template":"","meta":{"_acf_changed":false,"footnotes":""},"class_list":["post-16495","page","type-page","status-publish","hentry"],"acf":[],"yoast_head":"<!-- This site is optimized with the Yoast SEO plugin v27.1.1 - https:\/\/yoast.com\/product\/yoast-seo-wordpress\/ -->\n<title>\u00c9tiquetage environnemental des emballages - Fibrotubi<\/title>\n<meta name=\"robots\" content=\"index, follow, max-snippet:-1, max-image-preview:large, max-video-preview:-1\" \/>\n<link rel=\"canonical\" href=\"https:\/\/www.fibrotubi.com\/fr\/etiquetage-environnemental-des-emballages\/\" \/>\n<meta property=\"og:locale\" content=\"fr_FR\" \/>\n<meta property=\"og:type\" content=\"article\" \/>\n<meta property=\"og:title\" content=\"\u00c9tiquetage environnemental des emballages - Fibrotubi\" \/>\n<meta property=\"og:description\" content=\"\u00c9tiquetage environnemental des emballages D\u00c9CRET L\u00c9GISLATIF du 3 septembre 2020 n\u00b0116 D\u00c9CRET L\u00c9GISLATIF du 3 septembre 2020 n\u00b0116Transposition de la directive (UE) 2018\/851 modifiant la directive 2008\/98\/CE relative aux d\u00e9chets et transposition de la directive (UE) 2018\/852 modifiant la directive 1994\/62\/CE relative aux emballages et aux d\u00e9chets d\u2019emballages. (20G00135) (Journal officiel, S\u00e9rie g\u00e9n\u00e9rale n\u00b0226 du [&hellip;]\" \/>\n<meta property=\"og:url\" content=\"https:\/\/www.fibrotubi.com\/fr\/etiquetage-environnemental-des-emballages\/\" \/>\n<meta property=\"og:site_name\" content=\"Fibrotubi\" \/>\n<meta property=\"article:publisher\" content=\"https:\/\/www.facebook.com\/fibrotubi\/\" \/>\n<meta property=\"article:modified_time\" content=\"2026-03-13T13:52:10+00:00\" \/>\n<meta property=\"og:image\" content=\"https:\/\/www.fibrotubi.com\/wp-content\/uploads\/Fibrotubi-Slide-Tetto-2.webp\" \/>\n\t<meta property=\"og:image:width\" content=\"1600\" \/>\n\t<meta property=\"og:image:height\" content=\"1200\" \/>\n\t<meta property=\"og:image:type\" content=\"image\/webp\" \/>\n<meta name=\"twitter:card\" content=\"summary_large_image\" \/>\n<meta name=\"twitter:label1\" content=\"Dur\u00e9e de lecture estim\u00e9e\" \/>\n\t<meta name=\"twitter:data1\" content=\"1 minute\" \/>\n<script type=\"application\/ld+json\" class=\"yoast-schema-graph\">{\"@context\":\"https:\/\/schema.org\",\"@graph\":[{\"@type\":\"WebPage\",\"@id\":\"https:\/\/www.fibrotubi.com\/fr\/etiquetage-environnemental-des-emballages\/\",\"url\":\"https:\/\/www.fibrotubi.com\/fr\/etiquetage-environnemental-des-emballages\/\",\"name\":\"\u00c9tiquetage environnemental des emballages - Fibrotubi\",\"isPartOf\":{\"@id\":\"https:\/\/www.fibrotubi.com\/fr\/#website\"},\"datePublished\":\"2025-05-14T09:12:53+00:00\",\"dateModified\":\"2026-03-13T13:52:10+00:00\",\"breadcrumb\":{\"@id\":\"https:\/\/www.fibrotubi.com\/fr\/etiquetage-environnemental-des-emballages\/#breadcrumb\"},\"inLanguage\":\"fr-FR\",\"potentialAction\":[{\"@type\":\"ReadAction\",\"target\":[\"https:\/\/www.fibrotubi.com\/fr\/etiquetage-environnemental-des-emballages\/\"]}]},{\"@type\":\"BreadcrumbList\",\"@id\":\"https:\/\/www.fibrotubi.com\/fr\/etiquetage-environnemental-des-emballages\/#breadcrumb\",\"itemListElement\":[{\"@type\":\"ListItem\",\"position\":1,\"name\":\"Home\",\"item\":\"https:\/\/www.fibrotubi.com\/fr\/\"},{\"@type\":\"ListItem\",\"position\":2,\"name\":\"\u00c9tiquetage environnemental des emballages\"}]},{\"@type\":\"WebSite\",\"@id\":\"https:\/\/www.fibrotubi.com\/fr\/#website\",\"url\":\"https:\/\/www.fibrotubi.com\/fr\/\",\"name\":\"Fibrotubi SRL\",\"description\":\"Prodotti per Edilizia Civile e Industriale\",\"publisher\":{\"@id\":\"https:\/\/www.fibrotubi.com\/fr\/#organization\"},\"potentialAction\":[{\"@type\":\"SearchAction\",\"target\":{\"@type\":\"EntryPoint\",\"urlTemplate\":\"https:\/\/www.fibrotubi.com\/fr\/?s={search_term_string}\"},\"query-input\":{\"@type\":\"PropertyValueSpecification\",\"valueRequired\":true,\"valueName\":\"search_term_string\"}}],\"inLanguage\":\"fr-FR\"},{\"@type\":\"Organization\",\"@id\":\"https:\/\/www.fibrotubi.com\/fr\/#organization\",\"name\":\"Fibrotubi\",\"url\":\"https:\/\/www.fibrotubi.com\/fr\/\",\"logo\":{\"@type\":\"ImageObject\",\"inLanguage\":\"fr-FR\",\"@id\":\"https:\/\/www.fibrotubi.com\/fr\/#\/schema\/logo\/image\/\",\"url\":\"https:\/\/www.fibrotubi.com\/wp-content\/uploads\/2024\/12\/Logo-Fibrotubi-blu-scuro.png\",\"contentUrl\":\"https:\/\/www.fibrotubi.com\/wp-content\/uploads\/2024\/12\/Logo-Fibrotubi-blu-scuro.png\",\"width\":1000,\"height\":151,\"caption\":\"Fibrotubi\"},\"image\":{\"@id\":\"https:\/\/www.fibrotubi.com\/fr\/#\/schema\/logo\/image\/\"},\"sameAs\":[\"https:\/\/www.facebook.com\/fibrotubi\/\",\"https:\/\/www.instagram.com\/fibrotubi\/\",\"https:\/\/www.youtube.com\/user\/FibrotubiSRL\",\"https:\/\/www.linkedin.com\/company\/fibrotubi\/\"]}]}<\/script>\n<!-- \/ Yoast SEO plugin. -->","yoast_head_json":{"title":"\u00c9tiquetage environnemental des emballages - Fibrotubi","robots":{"index":"index","follow":"follow","max-snippet":"max-snippet:-1","max-image-preview":"max-image-preview:large","max-video-preview":"max-video-preview:-1"},"canonical":"https:\/\/www.fibrotubi.com\/fr\/etiquetage-environnemental-des-emballages\/","og_locale":"fr_FR","og_type":"article","og_title":"\u00c9tiquetage environnemental des emballages - Fibrotubi","og_description":"\u00c9tiquetage environnemental des emballages D\u00c9CRET L\u00c9GISLATIF du 3 septembre 2020 n\u00b0116 D\u00c9CRET L\u00c9GISLATIF du 3 septembre 2020 n\u00b0116Transposition de la directive (UE) 2018\/851 modifiant la directive 2008\/98\/CE relative aux d\u00e9chets et transposition de la directive (UE) 2018\/852 modifiant la directive 1994\/62\/CE relative aux emballages et aux d\u00e9chets d\u2019emballages. (20G00135) (Journal officiel, S\u00e9rie g\u00e9n\u00e9rale n\u00b0226 du [&hellip;]","og_url":"https:\/\/www.fibrotubi.com\/fr\/etiquetage-environnemental-des-emballages\/","og_site_name":"Fibrotubi","article_publisher":"https:\/\/www.facebook.com\/fibrotubi\/","article_modified_time":"2026-03-13T13:52:10+00:00","og_image":[{"width":1600,"height":1200,"url":"https:\/\/www.fibrotubi.com\/wp-content\/uploads\/Fibrotubi-Slide-Tetto-2.webp","type":"image\/webp"}],"twitter_card":"summary_large_image","twitter_misc":{"Dur\u00e9e de lecture estim\u00e9e":"1 minute"},"schema":{"@context":"https:\/\/schema.org","@graph":[{"@type":"WebPage","@id":"https:\/\/www.fibrotubi.com\/fr\/etiquetage-environnemental-des-emballages\/","url":"https:\/\/www.fibrotubi.com\/fr\/etiquetage-environnemental-des-emballages\/","name":"\u00c9tiquetage environnemental des emballages - Fibrotubi","isPartOf":{"@id":"https:\/\/www.fibrotubi.com\/fr\/#website"},"datePublished":"2025-05-14T09:12:53+00:00","dateModified":"2026-03-13T13:52:10+00:00","breadcrumb":{"@id":"https:\/\/www.fibrotubi.com\/fr\/etiquetage-environnemental-des-emballages\/#breadcrumb"},"inLanguage":"fr-FR","potentialAction":[{"@type":"ReadAction","target":["https:\/\/www.fibrotubi.com\/fr\/etiquetage-environnemental-des-emballages\/"]}]},{"@type":"BreadcrumbList","@id":"https:\/\/www.fibrotubi.com\/fr\/etiquetage-environnemental-des-emballages\/#breadcrumb","itemListElement":[{"@type":"ListItem","position":1,"name":"Home","item":"https:\/\/www.fibrotubi.com\/fr\/"},{"@type":"ListItem","position":2,"name":"\u00c9tiquetage environnemental des emballages"}]},{"@type":"WebSite","@id":"https:\/\/www.fibrotubi.com\/fr\/#website","url":"https:\/\/www.fibrotubi.com\/fr\/","name":"Fibrotubi SRL","description":"Prodotti per Edilizia Civile e Industriale","publisher":{"@id":"https:\/\/www.fibrotubi.com\/fr\/#organization"},"potentialAction":[{"@type":"SearchAction","target":{"@type":"EntryPoint","urlTemplate":"https:\/\/www.fibrotubi.com\/fr\/?s={search_term_string}"},"query-input":{"@type":"PropertyValueSpecification","valueRequired":true,"valueName":"search_term_string"}}],"inLanguage":"fr-FR"},{"@type":"Organization","@id":"https:\/\/www.fibrotubi.com\/fr\/#organization","name":"Fibrotubi","url":"https:\/\/www.fibrotubi.com\/fr\/","logo":{"@type":"ImageObject","inLanguage":"fr-FR","@id":"https:\/\/www.fibrotubi.com\/fr\/#\/schema\/logo\/image\/","url":"https:\/\/www.fibrotubi.com\/wp-content\/uploads\/2024\/12\/Logo-Fibrotubi-blu-scuro.png","contentUrl":"https:\/\/www.fibrotubi.com\/wp-content\/uploads\/2024\/12\/Logo-Fibrotubi-blu-scuro.png","width":1000,"height":151,"caption":"Fibrotubi"},"image":{"@id":"https:\/\/www.fibrotubi.com\/fr\/#\/schema\/logo\/image\/"},"sameAs":["https:\/\/www.facebook.com\/fibrotubi\/","https:\/\/www.instagram.com\/fibrotubi\/","https:\/\/www.youtube.com\/user\/FibrotubiSRL","https:\/\/www.linkedin.com\/company\/fibrotubi\/"]}]}},"_links":{"self":[{"href":"https:\/\/www.fibrotubi.com\/fr\/wp-json\/wp\/v2\/pages\/16495","targetHints":{"allow":["GET"]}}],"collection":[{"href":"https:\/\/www.fibrotubi.com\/fr\/wp-json\/wp\/v2\/pages"}],"about":[{"href":"https:\/\/www.fibrotubi.com\/fr\/wp-json\/wp\/v2\/types\/page"}],"author":[{"embeddable":true,"href":"https:\/\/www.fibrotubi.com\/fr\/wp-json\/wp\/v2\/users\/1"}],"replies":[{"embeddable":true,"href":"https:\/\/www.fibrotubi.com\/fr\/wp-json\/wp\/v2\/comments?post=16495"}],"version-history":[{"count":1,"href":"https:\/\/www.fibrotubi.com\/fr\/wp-json\/wp\/v2\/pages\/16495\/revisions"}],"predecessor-version":[{"id":16496,"href":"https:\/\/www.fibrotubi.com\/fr\/wp-json\/wp\/v2\/pages\/16495\/revisions\/16496"}],"wp:attachment":[{"href":"https:\/\/www.fibrotubi.com\/fr\/wp-json\/wp\/v2\/media?parent=16495"}],"curies":[{"name":"wp","href":"https:\/\/api.w.org\/{rel}","templated":true}]}}