{"id":16376,"date":"2024-12-06T16:36:28","date_gmt":"2024-12-06T15:36:28","guid":{"rendered":"https:\/\/www.fibrotubi.com\/systemes-de-couverture\/"},"modified":"2026-03-10T14:01:24","modified_gmt":"2026-03-10T13:01:24","slug":"systemes-de-couverture","status":"publish","type":"page","link":"https:\/\/www.fibrotubi.com\/fr\/systemes-de-couverture\/","title":{"rendered":"Syst\u00e8mes de couverture"},"content":{"rendered":"\t\t<div data-elementor-type=\"wp-page\" data-elementor-id=\"16376\" class=\"elementor elementor-16376 elementor-6429\" data-elementor-post-type=\"page\">\n\t\t\t\t<div class=\"elementor-element elementor-element-d2b3dbf e-flex e-con-boxed e-con e-parent\" data-id=\"d2b3dbf\" data-element_type=\"container\" data-e-type=\"container\" data-settings=\"{&quot;background_background&quot;:&quot;classic&quot;}\">\n\t\t\t\t\t<div class=\"e-con-inner\">\n\t\t\t\t<div class=\"elementor-element elementor-element-abb36d5 elementor-widget elementor-widget-heading\" data-id=\"abb36d5\" data-element_type=\"widget\" data-e-type=\"widget\" data-widget_type=\"heading.default\">\n\t\t\t\t<div class=\"elementor-widget-container\">\n\t\t\t\t\t<h2 class=\"elementor-heading-title elementor-size-default\">SYST\u00c8MES DE COUVERTURE<\/h2>\t\t\t\t<\/div>\n\t\t\t\t<\/div>\n\t\t\t\t<div class=\"elementor-element elementor-element-71838b8 elementor-widget-divider--view-line elementor-widget elementor-widget-divider\" data-id=\"71838b8\" data-element_type=\"widget\" data-e-type=\"widget\" data-widget_type=\"divider.default\">\n\t\t\t\t<div class=\"elementor-widget-container\">\n\t\t\t\t\t\t\t<div class=\"elementor-divider\">\n\t\t\t<span class=\"elementor-divider-separator\">\n\t\t\t\t\t\t<\/span>\n\t\t<\/div>\n\t\t\t\t\t\t<\/div>\n\t\t\t\t<\/div>\n\t\t<div class=\"elementor-element elementor-element-5127b13 e-con-full e-flex e-con e-child\" data-id=\"5127b13\" data-element_type=\"container\" data-e-type=\"container\">\n\t\t\t\t<div class=\"elementor-element elementor-element-f4ea1e1 elementor-widget__width-initial elementor-widget elementor-widget-text-editor\" data-id=\"f4ea1e1\" data-element_type=\"widget\" data-e-type=\"widget\" data-widget_type=\"text-editor.default\">\n\t\t\t\t<div class=\"elementor-widget-container\">\n\t\t\t\t\t\t\t\t\t<p>Fibrotubi propose une gamme compl\u00e8te de syst\u00e8mes de couverture pour le b\u00e2timent civil et industriel, con\u00e7us pour garantir l\u2019\u00e9tanch\u00e9it\u00e9, l\u2019isolation thermique et la durabilit\u00e9 dans le temps. Parmi les solutions propos\u00e9es figurent des panneaux isolants et des plaques modulaires en acier, id\u00e9ales aussi bien pour les nouvelles constructions que pour les projets de r\u00e9novation. Les produits sont conformes aux Crit\u00e8res Environnementaux Minimaux (CAM), permettant l\u2019acc\u00e8s \u00e0 des incitations telles que le Superbonus.  <\/p>\t\t\t\t\t\t\t\t<\/div>\n\t\t\t\t<\/div>\n\t\t\t\t<div class=\"elementor-element elementor-element-c85d2ed elementor-align-right elementor-button-type-outline elementor-widget elementor-widget-rebuilto-button\" data-id=\"c85d2ed\" data-element_type=\"widget\" data-e-type=\"widget\" data-widget_type=\"rebuilto-button.default\">\n\t\t\t\t<div class=\"elementor-widget-container\">\n\t\t\t\t\t        <div class=\"elementor-button-wrapper\">\n            <a href=\"https:\/\/www.fibrotubi.com\/download\/catalogo-generale\/?wpdmdl=6259&#038;masterkey=Id1wwV72XLf4mIzHWkVjD4eeBtUbxlE42M1S0pOObuOoIEMCQ15vbgvIAMU3zQQzyVJcmH_Td6rw-w3I9CdWKyTikeLug-eNCZlSfb6Q4CI\" class=\"elementor-button-link elementor-button elementor-size-sm\" role=\"button\">\n                        <span class=\"elementor-button-content-wrapper\">\n                          <span class=\"elementor-button-icon elementor-align-icon-left\">\n\t\t\t\t<i aria-hidden=\"true\" class=\"rebuilto-icon- rebuilto-icon-arrow-up-right\"><\/i>\t\t\t<\/span>\n            \t\t\t<span class=\"elementor-button-text\" data-name=\"T\u00e9l\u00e9charger le catalogue\">\n                <span>T\u00e9l\u00e9charger le catalogue<\/span>\n            <\/span>\n\t\t<\/span>\n                    <\/a>\n        <\/div>\n        \t\t\t\t<\/div>\n\t\t\t\t<\/div>\n\t\t\t\t<\/div>\n\t\t\t\t\t<\/div>\n\t\t\t\t<\/div>\n\t\t<div class=\"elementor-element elementor-element-528f55f e-flex e-con-boxed e-con e-parent\" data-id=\"528f55f\" data-element_type=\"container\" data-e-type=\"container\" data-settings=\"{&quot;background_background&quot;:&quot;classic&quot;}\">\n\t\t\t\t\t<div class=\"e-con-inner\">\n\t\t<div class=\"elementor-element elementor-element-61adf65 e-con-full e-flex e-con e-child\" data-id=\"61adf65\" data-element_type=\"container\" data-e-type=\"container\" data-settings=\"{&quot;background_background&quot;:&quot;classic&quot;}\">\n\t\t\t\t<div class=\"elementor-element elementor-element-9ad0888 elementor-absolute e-transform elementor-view-default elementor-widget elementor-widget-icon\" data-id=\"9ad0888\" data-element_type=\"widget\" data-e-type=\"widget\" data-settings=\"{&quot;_position&quot;:&quot;absolute&quot;,&quot;_transform_flipY_effect&quot;:&quot;transform&quot;}\" data-widget_type=\"icon.default\">\n\t\t\t\t<div class=\"elementor-widget-container\">\n\t\t\t\t\t\t\t<div class=\"elementor-icon-wrapper\">\n\t\t\t<div class=\"elementor-icon\">\n\t\t\t\t\t\t<\/div>\n\t\t<\/div>\n\t\t\t\t\t\t<\/div>\n\t\t\t\t<\/div>\n\t\t<div class=\"elementor-element elementor-element-b86aa08 e-con-full voci-categorie e-flex e-con e-child\" data-id=\"b86aa08\" data-element_type=\"container\" data-e-type=\"container\" data-settings=\"{&quot;sticky&quot;:&quot;top&quot;,&quot;sticky_on&quot;:[&quot;desktop&quot;,&quot;laptop&quot;,&quot;tablet_extra&quot;],&quot;sticky_parent&quot;:&quot;yes&quot;,&quot;sticky_offset&quot;:0,&quot;sticky_effects_offset&quot;:0,&quot;sticky_anchor_link_offset&quot;:0}\">\n\t\t<div class=\"elementor-element elementor-element-d30077d e-con-full e-flex e-con e-child\" data-id=\"d30077d\" data-element_type=\"container\" data-e-type=\"container\">\n\t\t\t\t<div class=\"elementor-element elementor-element-c49e5e0 elementor-widget__width-initial animated-fast elementor-widget-divider--view-line elementor-invisible elementor-widget elementor-widget-divider\" data-id=\"c49e5e0\" data-element_type=\"widget\" data-e-type=\"widget\" data-settings=\"{&quot;_animation&quot;:&quot;slideInRight&quot;}\" data-widget_type=\"divider.default\">\n\t\t\t\t<div class=\"elementor-widget-container\">\n\t\t\t\t\t\t\t<div class=\"elementor-divider\">\n\t\t\t<span class=\"elementor-divider-separator\">\n\t\t\t\t\t\t<\/span>\n\t\t<\/div>\n\t\t\t\t\t\t<\/div>\n\t\t\t\t<\/div>\n\t\t\t\t<div class=\"elementor-element elementor-element-ad5c244 animated-fast elementor-invisible elementor-widget elementor-widget-heading\" data-id=\"ad5c244\" data-element_type=\"widget\" data-e-type=\"widget\" data-settings=\"{&quot;_animation&quot;:&quot;opal-scale-up&quot;}\" data-widget_type=\"heading.default\">\n\t\t\t\t<div class=\"elementor-widget-container\">\n\t\t\t\t\t<p class=\"elementor-heading-title elementor-size-default\">fibrograf. <\/p>\t\t\t\t<\/div>\n\t\t\t\t<\/div>\n\t\t\t\t<\/div>\n\t\t\t\t<div class=\"elementor-element elementor-element-52b8394 elementor-widget__width-initial animated-fast elementor-invisible elementor-widget elementor-widget-heading\" data-id=\"52b8394\" data-element_type=\"widget\" data-e-type=\"widget\" data-settings=\"{&quot;_animation&quot;:&quot;opal-move-up&quot;}\" data-widget_type=\"heading.default\">\n\t\t\t\t<div class=\"elementor-widget-container\">\n\t\t\t\t\t<h6 class=\"elementor-heading-title elementor-size-default\"><a href=\"#LMDC\">PLAQUES M\u00c9TALLIQUES MODULAIRES DE COUVERTURE<\/a><\/h6>\t\t\t\t<\/div>\n\t\t\t\t<\/div>\n\t\t<div class=\"elementor-element elementor-element-920945a e-con-full e-flex e-con e-child\" data-id=\"920945a\" data-element_type=\"container\" data-e-type=\"container\">\n\t\t<div class=\"elementor-element elementor-element-5eadcc9 e-con-full e-flex e-con e-child\" data-id=\"5eadcc9\" data-element_type=\"container\" data-e-type=\"container\">\n\t\t\t\t<div class=\"elementor-element elementor-element-bd4aa6e elementor-widget__width-initial animated-fast elementor-widget-divider--view-line elementor-invisible elementor-widget elementor-widget-divider\" data-id=\"bd4aa6e\" data-element_type=\"widget\" data-e-type=\"widget\" data-settings=\"{&quot;_animation&quot;:&quot;slideInRight&quot;}\" data-widget_type=\"divider.default\">\n\t\t\t\t<div class=\"elementor-widget-container\">\n\t\t\t\t\t\t\t<div class=\"elementor-divider\">\n\t\t\t<span class=\"elementor-divider-separator\">\n\t\t\t\t\t\t<\/span>\n\t\t<\/div>\n\t\t\t\t\t\t<\/div>\n\t\t\t\t<\/div>\n\t\t\t\t<div class=\"elementor-element elementor-element-50fbd56 animated-fast elementor-invisible elementor-widget elementor-widget-heading\" data-id=\"50fbd56\" data-element_type=\"widget\" data-e-type=\"widget\" data-settings=\"{&quot;_animation&quot;:&quot;opal-scale-up&quot;}\" data-widget_type=\"heading.default\">\n\t\t\t\t<div class=\"elementor-widget-container\">\n\t\t\t\t\t<p class=\"elementor-heading-title elementor-size-default\">Corinzio . ILCOPPO . IsoCoppo .  <\/p>\t\t\t\t<\/div>\n\t\t\t\t<\/div>\n\t\t\t\t<\/div>\n\t\t\t\t<\/div>\n\t\t\t\t<div class=\"elementor-element elementor-element-f59df59 elementor-widget__width-initial animated-fast elementor-invisible elementor-widget elementor-widget-heading\" data-id=\"f59df59\" data-element_type=\"widget\" data-e-type=\"widget\" data-settings=\"{&quot;_animation&quot;:&quot;opal-move-up&quot;}\" data-widget_type=\"heading.default\">\n\t\t\t\t<div class=\"elementor-widget-container\">\n\t\t\t\t\t<h6 class=\"elementor-heading-title elementor-size-default\"><a href=\"#LAFDCELR\">PLAQUES M\u00c9TALLIQUES EN FORME DE COPPO ET DE TUILE ROMAINE<\/a><\/h6>\t\t\t\t<\/div>\n\t\t\t\t<\/div>\n\t\t<div class=\"elementor-element elementor-element-186189e e-con-full e-flex e-con e-child\" data-id=\"186189e\" data-element_type=\"container\" data-e-type=\"container\">\n\t\t<div class=\"elementor-element elementor-element-52260f0 e-con-full e-flex e-con e-child\" data-id=\"52260f0\" data-element_type=\"container\" data-e-type=\"container\">\n\t\t\t\t<div class=\"elementor-element elementor-element-46a5e61 elementor-widget__width-initial animated-fast elementor-widget-divider--view-line elementor-invisible elementor-widget elementor-widget-divider\" data-id=\"46a5e61\" data-element_type=\"widget\" data-e-type=\"widget\" data-settings=\"{&quot;_animation&quot;:&quot;slideInRight&quot;}\" data-widget_type=\"divider.default\">\n\t\t\t\t<div class=\"elementor-widget-container\">\n\t\t\t\t\t\t\t<div class=\"elementor-divider\">\n\t\t\t<span class=\"elementor-divider-separator\">\n\t\t\t\t\t\t<\/span>\n\t\t<\/div>\n\t\t\t\t\t\t<\/div>\n\t\t\t\t<\/div>\n\t\t\t\t<div class=\"elementor-element elementor-element-464c9ca animated-fast elementor-invisible elementor-widget elementor-widget-heading\" data-id=\"464c9ca\" data-element_type=\"widget\" data-e-type=\"widget\" data-settings=\"{&quot;_animation&quot;:&quot;opal-scale-up&quot;}\" data-widget_type=\"heading.default\">\n\t\t\t\t<div class=\"elementor-widget-container\">\n\t\t\t\t\t<p class=\"elementor-heading-title elementor-size-default\">Tek28 . Alutech Dach . <\/p>\t\t\t\t<\/div>\n\t\t\t\t<\/div>\n\t\t\t\t<\/div>\n\t\t\t\t<\/div>\n\t\t\t\t<div class=\"elementor-element elementor-element-c3300bb elementor-widget__width-initial animated-fast elementor-invisible elementor-widget elementor-widget-heading\" data-id=\"c3300bb\" data-element_type=\"widget\" data-e-type=\"widget\" data-settings=\"{&quot;_animation&quot;:&quot;opal-move-up&quot;}\" data-widget_type=\"heading.default\">\n\t\t\t\t<div class=\"elementor-widget-container\">\n\t\t\t\t\t<h6 class=\"elementor-heading-title elementor-size-default\"><a href=\"#LMGEPC\">PLAQUES M\u00c9TALLIQUES NERVUR\u00c9ES ET PANNEAUX ISOLANTS<\/a><\/h6>\t\t\t\t<\/div>\n\t\t\t\t<\/div>\n\t\t<div class=\"elementor-element elementor-element-006dfa4 e-con-full e-flex e-con e-child\" data-id=\"006dfa4\" data-element_type=\"container\" data-e-type=\"container\">\n\t\t\t\t<div class=\"elementor-element elementor-element-065f697 elementor-widget__width-initial animated-fast elementor-widget-divider--view-line elementor-invisible elementor-widget elementor-widget-divider\" data-id=\"065f697\" data-element_type=\"widget\" data-e-type=\"widget\" data-settings=\"{&quot;_animation&quot;:&quot;slideInRight&quot;}\" data-widget_type=\"divider.default\">\n\t\t\t\t<div class=\"elementor-widget-container\">\n\t\t\t\t\t\t\t<div class=\"elementor-divider\">\n\t\t\t<span class=\"elementor-divider-separator\">\n\t\t\t\t\t\t<\/span>\n\t\t<\/div>\n\t\t\t\t\t\t<\/div>\n\t\t\t\t<\/div>\n\t\t\t\t<div class=\"elementor-element elementor-element-fab859f animated-fast elementor-invisible elementor-widget elementor-widget-heading\" data-id=\"fab859f\" data-element_type=\"widget\" data-e-type=\"widget\" data-settings=\"{&quot;_animation&quot;:&quot;opal-scale-up&quot;}\" data-widget_type=\"heading.default\">\n\t\t\t\t<div class=\"elementor-widget-container\">\n\t\t\t\t\t<p class=\"elementor-heading-title elementor-size-default\">Gea. <\/p>\t\t\t\t<\/div>\n\t\t\t\t<\/div>\n\t\t\t\t<\/div>\n\t\t\t\t<div class=\"elementor-element elementor-element-209951b elementor-widget__width-initial animated-fast elementor-invisible elementor-widget elementor-widget-heading\" data-id=\"209951b\" data-element_type=\"widget\" data-e-type=\"widget\" data-settings=\"{&quot;_animation&quot;:&quot;opal-move-up&quot;}\" data-widget_type=\"heading.default\">\n\t\t\t\t<div class=\"elementor-widget-container\">\n\t\t\t\t\t<h6 class=\"elementor-heading-title elementor-size-default\"><a href=\"#LIFE\">PLAQUES ET CANAUX EN FIBROCIMENT \u00c9COLOGIQUE<\/a><\/h6>\t\t\t\t<\/div>\n\t\t\t\t<\/div>\n\t\t\t\t<\/div>\n\t\t<div class=\"elementor-element elementor-element-a1962a0 e-con-full contenitore-prodotti-sc e-flex e-con e-child\" data-id=\"a1962a0\" data-element_type=\"container\" data-e-type=\"container\">\n\t\t\t\t<div class=\"elementor-element elementor-element-f7f0b26 elementor-widget elementor-widget-rebuilto-categoria-box\" data-id=\"f7f0b26\" data-element_type=\"widget\" data-e-type=\"widget\" id=\"LMDC\" data-widget_type=\"rebuilto-categoria-box.default\">\n\t\t\t\t<div class=\"elementor-widget-container\">\n\t\t\t\t\t<div class=\"rebuilto-products-grid\">        <div class=\"rebuilto-product-item layout-1\">\n            <div class=\"rebuilto-product-image\">\n                <a href=\"https:\/\/www.fibrotubi.com\/fr\/prodotti\/panneau-modulaire-a-joint-debout\/\">\n                <img fetchpriority=\"high\" decoding=\"async\" width=\"900\" height=\"900\" src=\"https:\/\/www.fibrotubi.com\/wp-content\/uploads\/Fibrograf-2-2-1024x1024.webp\" class=\"attachment-large size-large wp-post-image\" alt=\"\" srcset=\"https:\/\/www.fibrotubi.com\/wp-content\/uploads\/Fibrograf-2-2-1024x1024.webp 1024w, https:\/\/www.fibrotubi.com\/wp-content\/uploads\/Fibrograf-2-2-300x300.webp 300w, https:\/\/www.fibrotubi.com\/wp-content\/uploads\/Fibrograf-2-2-150x150.webp 150w, https:\/\/www.fibrotubi.com\/wp-content\/uploads\/Fibrograf-2-2-768x768.webp 768w, https:\/\/www.fibrotubi.com\/wp-content\/uploads\/Fibrograf-2-2.webp 1500w\" sizes=\"(max-width: 900px) 100vw, 900px\" \/>                <\/a>\n            <\/div>\n            <div class=\"rebuilto-product-content\">\n                <a href=\"https:\/\/www.fibrotubi.com\/fr\/prodotti\/panneau-modulaire-a-joint-debout\/\">\n                <div class=\"rebuilto-product-brand\"><\/div>\n                <h3 class=\"rebuilto-product-title\">Panneau modulaire \u00e0 joint debout<\/h3><\/a>\n                <div class=\"elementor-button-wrapper\">\n            <div class=\"service-more-link-wrap style-link\">\n                <a class=\"service-more-link\" href=\"https:\/\/www.fibrotubi.com\/fr\/prodotti\/panneau-modulaire-a-joint-debout\/\"><i class=\"rebuilto-icon-arrow-up-right\"><\/i><span>Scheda prodotto<\/span><\/a>\n            <\/div>\n        <\/div>\n                <!--<p class=\"rebuilto-product-excerpt\">Fibrograf Panneau modulaire \u00e0 joint debout Fibrograf est le syst\u00e8me modulaire innovant de Fibrotubi qui\u2026<\/p>-->\n            <\/div>\n        <\/div>         <div class=\"rebuilto-product-item layout-1\">\n            <div class=\"rebuilto-product-image\">\n                <a href=\"https:\/\/www.fibrotubi.com\/fr\/prodotti\/plaque-metallique-modulaire-pour-toitures-avec-panneau-photovoltaique-integre\/\">\n                <img decoding=\"async\" width=\"900\" height=\"900\" src=\"https:\/\/www.fibrotubi.com\/wp-content\/uploads\/SolarGraf-Prodotto-1024x1024.webp\" class=\"attachment-large size-large wp-post-image\" alt=\"\" srcset=\"https:\/\/www.fibrotubi.com\/wp-content\/uploads\/SolarGraf-Prodotto-1024x1024.webp 1024w, https:\/\/www.fibrotubi.com\/wp-content\/uploads\/SolarGraf-Prodotto-300x300.webp 300w, https:\/\/www.fibrotubi.com\/wp-content\/uploads\/SolarGraf-Prodotto-150x150.webp 150w, https:\/\/www.fibrotubi.com\/wp-content\/uploads\/SolarGraf-Prodotto-768x768.webp 768w, https:\/\/www.fibrotubi.com\/wp-content\/uploads\/SolarGraf-Prodotto.webp 1500w\" sizes=\"(max-width: 900px) 100vw, 900px\" \/>                <\/a>\n            <\/div>\n            <div class=\"rebuilto-product-content\">\n                <a href=\"https:\/\/www.fibrotubi.com\/fr\/prodotti\/plaque-metallique-modulaire-pour-toitures-avec-panneau-photovoltaique-integre\/\">\n                <div class=\"rebuilto-product-brand\"><\/div>\n                <h3 class=\"rebuilto-product-title\">Plaque m\u00e9tallique modulaire pour toitures avec panneau photovolta\u00efque int\u00e9gr\u00e9.<\/h3><\/a>\n                <div class=\"elementor-button-wrapper\">\n            <div class=\"service-more-link-wrap style-link\">\n                <a class=\"service-more-link\" href=\"https:\/\/www.fibrotubi.com\/fr\/prodotti\/plaque-metallique-modulaire-pour-toitures-avec-panneau-photovoltaique-integre\/\"><i class=\"rebuilto-icon-arrow-up-right\"><\/i><span>Scheda prodotto<\/span><\/a>\n            <\/div>\n        <\/div>\n                <!--<p class=\"rebuilto-product-excerpt\">Solargraf Plaque modulaire en acier avec panneau photovolta\u00efque int\u00e9gr\u00e9. Le syst\u00e8me photovolta\u00efque SOLARGRAF est une\u2026<\/p>-->\n            <\/div>\n        <\/div> <\/div>\t\t\t\t<\/div>\n\t\t\t\t<\/div>\n\t\t\t\t<div class=\"elementor-element elementor-element-da700fa elementor-widget elementor-widget-rebuilto-categoria-box\" data-id=\"da700fa\" data-element_type=\"widget\" data-e-type=\"widget\" id=\"LAFDCELR\" data-widget_type=\"rebuilto-categoria-box.default\">\n\t\t\t\t<div class=\"elementor-widget-container\">\n\t\t\t\t\t<p>Nessun prodotto trovato.<\/p>\t\t\t\t<\/div>\n\t\t\t\t<\/div>\n\t\t\t\t<div class=\"elementor-element elementor-element-f4b7eae elementor-widget elementor-widget-rebuilto-categoria-box\" data-id=\"f4b7eae\" data-element_type=\"widget\" data-e-type=\"widget\" id=\"LMGEPC\" data-widget_type=\"rebuilto-categoria-box.default\">\n\t\t\t\t<div class=\"elementor-widget-container\">\n\t\t\t\t\t<p>Nessun prodotto trovato.<\/p>\t\t\t\t<\/div>\n\t\t\t\t<\/div>\n\t\t\t\t<div class=\"elementor-element elementor-element-ee47b35 elementor-widget elementor-widget-rebuilto-categoria-box\" data-id=\"ee47b35\" data-element_type=\"widget\" data-e-type=\"widget\" id=\"LIFE\" data-widget_type=\"rebuilto-categoria-box.default\">\n\t\t\t\t<div class=\"elementor-widget-container\">\n\t\t\t\t\t<div class=\"rebuilto-products-grid\">        <div class=\"rebuilto-product-item layout-1\">\n            <div class=\"rebuilto-product-image\">\n                <a href=\"https:\/\/www.fibrotubi.com\/fr\/prodotti\/profilo-1097-110-6-onde\/\">\n                <img decoding=\"async\" width=\"900\" height=\"900\" src=\"https:\/\/www.fibrotubi.com\/wp-content\/uploads\/Lastra-Ondulata-Retta-6-onde-1024x1024.webp\" class=\"attachment-large size-large wp-post-image\" alt=\"\" srcset=\"https:\/\/www.fibrotubi.com\/wp-content\/uploads\/Lastra-Ondulata-Retta-6-onde-1024x1024.webp 1024w, https:\/\/www.fibrotubi.com\/wp-content\/uploads\/Lastra-Ondulata-Retta-6-onde-300x300.webp 300w, https:\/\/www.fibrotubi.com\/wp-content\/uploads\/Lastra-Ondulata-Retta-6-onde-150x150.webp 150w, https:\/\/www.fibrotubi.com\/wp-content\/uploads\/Lastra-Ondulata-Retta-6-onde-768x768.webp 768w, https:\/\/www.fibrotubi.com\/wp-content\/uploads\/Lastra-Ondulata-Retta-6-onde-400x400.webp 400w, https:\/\/www.fibrotubi.com\/wp-content\/uploads\/Lastra-Ondulata-Retta-6-onde-600x600.webp 600w, https:\/\/www.fibrotubi.com\/wp-content\/uploads\/Lastra-Ondulata-Retta-6-onde.webp 1500w\" sizes=\"(max-width: 900px) 100vw, 900px\" \/>                <\/a>\n            <\/div>\n            <div class=\"rebuilto-product-content\">\n                <a href=\"https:\/\/www.fibrotubi.com\/fr\/prodotti\/profilo-1097-110-6-onde\/\">\n                <div class=\"rebuilto-product-brand\"><\/div>\n                <h3 class=\"rebuilto-product-title\">Profil 109,7 (110) &#8211; 6 ondes<\/h3><\/a>\n                <div class=\"elementor-button-wrapper\">\n            <div class=\"service-more-link-wrap style-link\">\n                <a class=\"service-more-link\" href=\"https:\/\/www.fibrotubi.com\/fr\/prodotti\/profilo-1097-110-6-onde\/\"><i class=\"rebuilto-icon-arrow-up-right\"><\/i><span>Scheda prodotto<\/span><\/a>\n            <\/div>\n        <\/div>\n                <!--<p class=\"rebuilto-product-excerpt\">Plaques en fibrociment \u00e9cologique PLAQUES ONDUL\u00c9ES RENFORC\u00c9ES DROITES Les couvertures en fibres-ciment GEA s\u2019adaptent \u00e0\u2026<\/p>-->\n            <\/div>\n        <\/div>         <div class=\"rebuilto-product-item layout-1\">\n            <div class=\"rebuilto-product-image\">\n                <a href=\"https:\/\/www.fibrotubi.com\/fr\/prodotti\/profil-1054-7-ondes\/\">\n                <img loading=\"lazy\" decoding=\"async\" width=\"900\" height=\"900\" src=\"https:\/\/www.fibrotubi.com\/wp-content\/uploads\/Lastra-Ondulata-7-onde-1024x1024.webp\" class=\"attachment-large size-large wp-post-image\" alt=\"\" srcset=\"https:\/\/www.fibrotubi.com\/wp-content\/uploads\/Lastra-Ondulata-7-onde-1024x1024.webp 1024w, https:\/\/www.fibrotubi.com\/wp-content\/uploads\/Lastra-Ondulata-7-onde-300x300.webp 300w, https:\/\/www.fibrotubi.com\/wp-content\/uploads\/Lastra-Ondulata-7-onde-150x150.webp 150w, https:\/\/www.fibrotubi.com\/wp-content\/uploads\/Lastra-Ondulata-7-onde-768x768.webp 768w, https:\/\/www.fibrotubi.com\/wp-content\/uploads\/Lastra-Ondulata-7-onde-400x400.webp 400w, https:\/\/www.fibrotubi.com\/wp-content\/uploads\/Lastra-Ondulata-7-onde-600x600.webp 600w, https:\/\/www.fibrotubi.com\/wp-content\/uploads\/Lastra-Ondulata-7-onde.webp 1500w\" sizes=\"(max-width: 900px) 100vw, 900px\" \/>                <\/a>\n            <\/div>\n            <div class=\"rebuilto-product-content\">\n                <a href=\"https:\/\/www.fibrotubi.com\/fr\/prodotti\/profil-1054-7-ondes\/\">\n                <div class=\"rebuilto-product-brand\"><\/div>\n                <h3 class=\"rebuilto-product-title\">Profil 105,4 \u2013 7 ondes<\/h3><\/a>\n                <div class=\"elementor-button-wrapper\">\n            <div class=\"service-more-link-wrap style-link\">\n                <a class=\"service-more-link\" href=\"https:\/\/www.fibrotubi.com\/fr\/prodotti\/profil-1054-7-ondes\/\"><i class=\"rebuilto-icon-arrow-up-right\"><\/i><span>Scheda prodotto<\/span><\/a>\n            <\/div>\n        <\/div>\n                <!--<p class=\"rebuilto-product-excerpt\">Plaques en fibrociment \u00e9cologique Profil 105,4 \u2013 7 ondes Plaques ondul\u00e9es renforc\u00e9es profil 105 (105,4)\u2026<\/p>-->\n            <\/div>\n        <\/div>         <div class=\"rebuilto-product-item layout-1\">\n            <div class=\"rebuilto-product-image\">\n                <a href=\"https:\/\/www.fibrotubi.com\/fr\/prodotti\/profil-101-sottocoppo-5-ondes\/\">\n                <img loading=\"lazy\" decoding=\"async\" width=\"900\" height=\"900\" src=\"https:\/\/www.fibrotubi.com\/wp-content\/uploads\/Sottocoppo-per-coppi-a-vista-5-onde-1024x1024.webp\" class=\"attachment-large size-large wp-post-image\" alt=\"\" srcset=\"https:\/\/www.fibrotubi.com\/wp-content\/uploads\/Sottocoppo-per-coppi-a-vista-5-onde-1024x1024.webp 1024w, https:\/\/www.fibrotubi.com\/wp-content\/uploads\/Sottocoppo-per-coppi-a-vista-5-onde-300x300.webp 300w, https:\/\/www.fibrotubi.com\/wp-content\/uploads\/Sottocoppo-per-coppi-a-vista-5-onde-150x150.webp 150w, https:\/\/www.fibrotubi.com\/wp-content\/uploads\/Sottocoppo-per-coppi-a-vista-5-onde-768x768.webp 768w, https:\/\/www.fibrotubi.com\/wp-content\/uploads\/Sottocoppo-per-coppi-a-vista-5-onde-400x400.webp 400w, https:\/\/www.fibrotubi.com\/wp-content\/uploads\/Sottocoppo-per-coppi-a-vista-5-onde-600x600.webp 600w, https:\/\/www.fibrotubi.com\/wp-content\/uploads\/Sottocoppo-per-coppi-a-vista-5-onde.webp 1500w\" sizes=\"(max-width: 900px) 100vw, 900px\" \/>                <\/a>\n            <\/div>\n            <div class=\"rebuilto-product-content\">\n                <a href=\"https:\/\/www.fibrotubi.com\/fr\/prodotti\/profil-101-sottocoppo-5-ondes\/\">\n                <div class=\"rebuilto-product-brand\"><\/div>\n                <h3 class=\"rebuilto-product-title\">Profil 101 Sottocoppo \u2013 5 ondes<\/h3><\/a>\n                <div class=\"elementor-button-wrapper\">\n            <div class=\"service-more-link-wrap style-link\">\n                <a class=\"service-more-link\" href=\"https:\/\/www.fibrotubi.com\/fr\/prodotti\/profil-101-sottocoppo-5-ondes\/\"><i class=\"rebuilto-icon-arrow-up-right\"><\/i><span>Scheda prodotto<\/span><\/a>\n            <\/div>\n        <\/div>\n                <!--<p class=\"rebuilto-product-excerpt\">Sottocoppo pour tuiles ou \u00e0 vue Profil 101 Sottocoppo \u2013 5 ondes Plaques ondul\u00e9es renforc\u00e9es\u2026<\/p>-->\n            <\/div>\n        <\/div>         <div class=\"rebuilto-product-item layout-1\">\n            <div class=\"rebuilto-product-image\">\n                <a href=\"https:\/\/www.fibrotubi.com\/fr\/prodotti\/profil-98-sottocoppo-4-ondes\/\">\n                <img loading=\"lazy\" decoding=\"async\" width=\"900\" height=\"900\" src=\"https:\/\/www.fibrotubi.com\/wp-content\/uploads\/Sottocoppo-per-coppi-a-vista-4-onde-1024x1024.webp\" class=\"attachment-large size-large wp-post-image\" alt=\"\" srcset=\"https:\/\/www.fibrotubi.com\/wp-content\/uploads\/Sottocoppo-per-coppi-a-vista-4-onde-1024x1024.webp 1024w, https:\/\/www.fibrotubi.com\/wp-content\/uploads\/Sottocoppo-per-coppi-a-vista-4-onde-300x300.webp 300w, https:\/\/www.fibrotubi.com\/wp-content\/uploads\/Sottocoppo-per-coppi-a-vista-4-onde-150x150.webp 150w, https:\/\/www.fibrotubi.com\/wp-content\/uploads\/Sottocoppo-per-coppi-a-vista-4-onde-768x768.webp 768w, https:\/\/www.fibrotubi.com\/wp-content\/uploads\/Sottocoppo-per-coppi-a-vista-4-onde-400x400.webp 400w, https:\/\/www.fibrotubi.com\/wp-content\/uploads\/Sottocoppo-per-coppi-a-vista-4-onde-600x600.webp 600w, https:\/\/www.fibrotubi.com\/wp-content\/uploads\/Sottocoppo-per-coppi-a-vista-4-onde.webp 1500w\" sizes=\"(max-width: 900px) 100vw, 900px\" \/>                <\/a>\n            <\/div>\n            <div class=\"rebuilto-product-content\">\n                <a href=\"https:\/\/www.fibrotubi.com\/fr\/prodotti\/profil-98-sottocoppo-4-ondes\/\">\n                <div class=\"rebuilto-product-brand\"><\/div>\n                <h3 class=\"rebuilto-product-title\">Profil 98 Sottocoppo \u2013 4 ondes<\/h3><\/a>\n                <div class=\"elementor-button-wrapper\">\n            <div class=\"service-more-link-wrap style-link\">\n                <a class=\"service-more-link\" href=\"https:\/\/www.fibrotubi.com\/fr\/prodotti\/profil-98-sottocoppo-4-ondes\/\"><i class=\"rebuilto-icon-arrow-up-right\"><\/i><span>Scheda prodotto<\/span><\/a>\n            <\/div>\n        <\/div>\n                <!--<p class=\"rebuilto-product-excerpt\">Sottocoppo pour tuiles ou \u00e0 vue Profil 98 \u2013 4 ondes Les plaques sottocoppo renforc\u00e9es\u2026<\/p>-->\n            <\/div>\n        <\/div>         <div class=\"rebuilto-product-item layout-1\">\n            <div class=\"rebuilto-product-image\">\n                <a href=\"https:\/\/www.fibrotubi.com\/fr\/prodotti\/plaques-romane\/\">\n                <img loading=\"lazy\" decoding=\"async\" width=\"900\" height=\"900\" src=\"https:\/\/www.fibrotubi.com\/wp-content\/uploads\/Lastra-Romana-1024x1024.webp\" class=\"attachment-large size-large wp-post-image\" alt=\"\" srcset=\"https:\/\/www.fibrotubi.com\/wp-content\/uploads\/Lastra-Romana-1024x1024.webp 1024w, https:\/\/www.fibrotubi.com\/wp-content\/uploads\/Lastra-Romana-300x300.webp 300w, https:\/\/www.fibrotubi.com\/wp-content\/uploads\/Lastra-Romana-150x150.webp 150w, https:\/\/www.fibrotubi.com\/wp-content\/uploads\/Lastra-Romana-768x768.webp 768w, https:\/\/www.fibrotubi.com\/wp-content\/uploads\/Lastra-Romana-400x400.webp 400w, https:\/\/www.fibrotubi.com\/wp-content\/uploads\/Lastra-Romana-600x600.webp 600w, https:\/\/www.fibrotubi.com\/wp-content\/uploads\/Lastra-Romana.webp 1500w\" sizes=\"(max-width: 900px) 100vw, 900px\" \/>                <\/a>\n            <\/div>\n            <div class=\"rebuilto-product-content\">\n                <a href=\"https:\/\/www.fibrotubi.com\/fr\/prodotti\/plaques-romane\/\">\n                <div class=\"rebuilto-product-brand\"><\/div>\n                <h3 class=\"rebuilto-product-title\">Plaques Romane<\/h3><\/a>\n                <div class=\"elementor-button-wrapper\">\n            <div class=\"service-more-link-wrap style-link\">\n                <a class=\"service-more-link\" href=\"https:\/\/www.fibrotubi.com\/fr\/prodotti\/plaques-romane\/\"><i class=\"rebuilto-icon-arrow-up-right\"><\/i><span>Scheda prodotto<\/span><\/a>\n            <\/div>\n        <\/div>\n                <!--<p class=\"rebuilto-product-excerpt\">Plaques en fibrociment \u00e9cologique Plaques Romane Les plaques \u00e0 la Romane sont des plaques de\u2026<\/p>-->\n            <\/div>\n        <\/div>         <div class=\"rebuilto-product-item layout-1\">\n            <div class=\"rebuilto-product-image\">\n                <a href=\"https:\/\/www.fibrotubi.com\/fr\/prodotti\/plaques-de-soffite\/\">\n                <img loading=\"lazy\" decoding=\"async\" width=\"900\" height=\"900\" src=\"https:\/\/www.fibrotubi.com\/wp-content\/uploads\/Lastra-Sofit-1024x1024.webp\" class=\"attachment-large size-large wp-post-image\" alt=\"\" srcset=\"https:\/\/www.fibrotubi.com\/wp-content\/uploads\/Lastra-Sofit-1024x1024.webp 1024w, https:\/\/www.fibrotubi.com\/wp-content\/uploads\/Lastra-Sofit-300x300.webp 300w, https:\/\/www.fibrotubi.com\/wp-content\/uploads\/Lastra-Sofit-150x150.webp 150w, https:\/\/www.fibrotubi.com\/wp-content\/uploads\/Lastra-Sofit-768x768.webp 768w, https:\/\/www.fibrotubi.com\/wp-content\/uploads\/Lastra-Sofit-400x400.webp 400w, https:\/\/www.fibrotubi.com\/wp-content\/uploads\/Lastra-Sofit-600x600.webp 600w, https:\/\/www.fibrotubi.com\/wp-content\/uploads\/Lastra-Sofit.webp 1500w\" sizes=\"(max-width: 900px) 100vw, 900px\" \/>                <\/a>\n            <\/div>\n            <div class=\"rebuilto-product-content\">\n                <a href=\"https:\/\/www.fibrotubi.com\/fr\/prodotti\/plaques-de-soffite\/\">\n                <div class=\"rebuilto-product-brand\"><\/div>\n                <h3 class=\"rebuilto-product-title\">Plaques de soffite<\/h3><\/a>\n                <div class=\"elementor-button-wrapper\">\n            <div class=\"service-more-link-wrap style-link\">\n                <a class=\"service-more-link\" href=\"https:\/\/www.fibrotubi.com\/fr\/prodotti\/plaques-de-soffite\/\"><i class=\"rebuilto-icon-arrow-up-right\"><\/i><span>Scheda prodotto<\/span><\/a>\n            <\/div>\n        <\/div>\n                <!--<p class=\"rebuilto-product-excerpt\">Plaques en fibrociment \u00e9cologique Plaques de soffite Les plaques Sofit sont des plaques pour faux\u2026<\/p>-->\n            <\/div>\n        <\/div>         <div class=\"rebuilto-product-item layout-1\">\n            <div class=\"rebuilto-product-image\">\n                <a href=\"https:\/\/www.fibrotubi.com\/fr\/prodotti\/plaques-maxi-sofit\/\">\n                <img loading=\"lazy\" decoding=\"async\" width=\"900\" height=\"900\" src=\"https:\/\/www.fibrotubi.com\/wp-content\/uploads\/Lastra-Maxi-Sofit-1024x1024.webp\" class=\"attachment-large size-large wp-post-image\" alt=\"\" srcset=\"https:\/\/www.fibrotubi.com\/wp-content\/uploads\/Lastra-Maxi-Sofit-1024x1024.webp 1024w, https:\/\/www.fibrotubi.com\/wp-content\/uploads\/Lastra-Maxi-Sofit-300x300.webp 300w, https:\/\/www.fibrotubi.com\/wp-content\/uploads\/Lastra-Maxi-Sofit-150x150.webp 150w, https:\/\/www.fibrotubi.com\/wp-content\/uploads\/Lastra-Maxi-Sofit-768x768.webp 768w, https:\/\/www.fibrotubi.com\/wp-content\/uploads\/Lastra-Maxi-Sofit-400x400.webp 400w, https:\/\/www.fibrotubi.com\/wp-content\/uploads\/Lastra-Maxi-Sofit-600x600.webp 600w, https:\/\/www.fibrotubi.com\/wp-content\/uploads\/Lastra-Maxi-Sofit.webp 1500w\" sizes=\"(max-width: 900px) 100vw, 900px\" \/>                <\/a>\n            <\/div>\n            <div class=\"rebuilto-product-content\">\n                <a href=\"https:\/\/www.fibrotubi.com\/fr\/prodotti\/plaques-maxi-sofit\/\">\n                <div class=\"rebuilto-product-brand\"><\/div>\n                <h3 class=\"rebuilto-product-title\">Plaques Maxi Sofit<\/h3><\/a>\n                <div class=\"elementor-button-wrapper\">\n            <div class=\"service-more-link-wrap style-link\">\n                <a class=\"service-more-link\" href=\"https:\/\/www.fibrotubi.com\/fr\/prodotti\/plaques-maxi-sofit\/\"><i class=\"rebuilto-icon-arrow-up-right\"><\/i><span>Scheda prodotto<\/span><\/a>\n            <\/div>\n        <\/div>\n                <!--<p class=\"rebuilto-product-excerpt\">Plaques en fibrociment \u00e9cologique Plaques Maxi Sofit Les plaques Maxi Sofit sont des plaques pour\u2026<\/p>-->\n            <\/div>\n        <\/div>         <div class=\"rebuilto-product-item layout-1\">\n            <div class=\"rebuilto-product-image\">\n                <a href=\"https:\/\/www.fibrotubi.com\/fr\/prodotti\/plaques-planes\/\">\n                <img loading=\"lazy\" decoding=\"async\" width=\"900\" height=\"900\" src=\"https:\/\/www.fibrotubi.com\/wp-content\/uploads\/Lastre-Piane-1024x1024.webp\" class=\"attachment-large size-large wp-post-image\" alt=\"\" srcset=\"https:\/\/www.fibrotubi.com\/wp-content\/uploads\/Lastre-Piane-1024x1024.webp 1024w, https:\/\/www.fibrotubi.com\/wp-content\/uploads\/Lastre-Piane-300x300.webp 300w, https:\/\/www.fibrotubi.com\/wp-content\/uploads\/Lastre-Piane-150x150.webp 150w, https:\/\/www.fibrotubi.com\/wp-content\/uploads\/Lastre-Piane-768x768.webp 768w, https:\/\/www.fibrotubi.com\/wp-content\/uploads\/Lastre-Piane-400x400.webp 400w, https:\/\/www.fibrotubi.com\/wp-content\/uploads\/Lastre-Piane-600x600.webp 600w, https:\/\/www.fibrotubi.com\/wp-content\/uploads\/Lastre-Piane.webp 1500w\" sizes=\"(max-width: 900px) 100vw, 900px\" \/>                <\/a>\n            <\/div>\n            <div class=\"rebuilto-product-content\">\n                <a href=\"https:\/\/www.fibrotubi.com\/fr\/prodotti\/plaques-planes\/\">\n                <div class=\"rebuilto-product-brand\"><\/div>\n                <h3 class=\"rebuilto-product-title\">Plaques planes<\/h3><\/a>\n                <div class=\"elementor-button-wrapper\">\n            <div class=\"service-more-link-wrap style-link\">\n                <a class=\"service-more-link\" href=\"https:\/\/www.fibrotubi.com\/fr\/prodotti\/plaques-planes\/\"><i class=\"rebuilto-icon-arrow-up-right\"><\/i><span>Scheda prodotto<\/span><\/a>\n            <\/div>\n        <\/div>\n                <!--<p class=\"rebuilto-product-excerpt\">Plaques en fibrociment \u00e9cologique Plaques planes Les plaques planes sont disponibles en \u00e9paisseurs de 6\u2026<\/p>-->\n            <\/div>\n        <\/div>         <div class=\"rebuilto-product-item layout-1\">\n            <div class=\"rebuilto-product-image\">\n                <a href=\"https:\/\/www.fibrotubi.com\/fr\/prodotti\/cheminees-en-beton-type-a\/\">\n                <img loading=\"lazy\" decoding=\"async\" width=\"900\" height=\"900\" src=\"https:\/\/www.fibrotubi.com\/wp-content\/uploads\/Comignoli-in-Cemento-Tipo-A-1024x1024.webp\" class=\"attachment-large size-large wp-post-image\" alt=\"\" srcset=\"https:\/\/www.fibrotubi.com\/wp-content\/uploads\/Comignoli-in-Cemento-Tipo-A-1024x1024.webp 1024w, https:\/\/www.fibrotubi.com\/wp-content\/uploads\/Comignoli-in-Cemento-Tipo-A-300x300.webp 300w, https:\/\/www.fibrotubi.com\/wp-content\/uploads\/Comignoli-in-Cemento-Tipo-A-150x150.webp 150w, https:\/\/www.fibrotubi.com\/wp-content\/uploads\/Comignoli-in-Cemento-Tipo-A-768x768.webp 768w, https:\/\/www.fibrotubi.com\/wp-content\/uploads\/Comignoli-in-Cemento-Tipo-A-400x400.webp 400w, https:\/\/www.fibrotubi.com\/wp-content\/uploads\/Comignoli-in-Cemento-Tipo-A-600x600.webp 600w, https:\/\/www.fibrotubi.com\/wp-content\/uploads\/Comignoli-in-Cemento-Tipo-A.webp 1500w\" sizes=\"(max-width: 900px) 100vw, 900px\" \/>                <\/a>\n            <\/div>\n            <div class=\"rebuilto-product-content\">\n                <a href=\"https:\/\/www.fibrotubi.com\/fr\/prodotti\/cheminees-en-beton-type-a\/\">\n                <div class=\"rebuilto-product-brand\"><\/div>\n                <h3 class=\"rebuilto-product-title\">Chemin\u00e9es en b\u00e9ton \u2013 Type A<\/h3><\/a>\n                <div class=\"elementor-button-wrapper\">\n            <div class=\"service-more-link-wrap style-link\">\n                <a class=\"service-more-link\" href=\"https:\/\/www.fibrotubi.com\/fr\/prodotti\/cheminees-en-beton-type-a\/\"><i class=\"rebuilto-icon-arrow-up-right\"><\/i><span>Scheda prodotto<\/span><\/a>\n            <\/div>\n        <\/div>\n                <!--<p class=\"rebuilto-product-excerpt\">Chemin\u00e9es en b\u00e9ton Chemin\u00e9es en b\u00e9ton \u2013 Type A Les chemin\u00e9es en b\u00e9ton de type\u2026<\/p>-->\n            <\/div>\n        <\/div>         <div class=\"rebuilto-product-item layout-1\">\n            <div class=\"rebuilto-product-image\">\n                <a href=\"https:\/\/www.fibrotubi.com\/fr\/prodotti\/souches-de-cheminee-en-beton-type-b-presse\/\">\n                <img loading=\"lazy\" decoding=\"async\" width=\"900\" height=\"900\" src=\"https:\/\/www.fibrotubi.com\/wp-content\/uploads\/Comignoli-in-Cemento-Tipo-B-1024x1024.webp\" class=\"attachment-large size-large wp-post-image\" alt=\"\" srcset=\"https:\/\/www.fibrotubi.com\/wp-content\/uploads\/Comignoli-in-Cemento-Tipo-B-1024x1024.webp 1024w, https:\/\/www.fibrotubi.com\/wp-content\/uploads\/Comignoli-in-Cemento-Tipo-B-300x300.webp 300w, https:\/\/www.fibrotubi.com\/wp-content\/uploads\/Comignoli-in-Cemento-Tipo-B-150x150.webp 150w, https:\/\/www.fibrotubi.com\/wp-content\/uploads\/Comignoli-in-Cemento-Tipo-B-768x768.webp 768w, https:\/\/www.fibrotubi.com\/wp-content\/uploads\/Comignoli-in-Cemento-Tipo-B-400x400.webp 400w, https:\/\/www.fibrotubi.com\/wp-content\/uploads\/Comignoli-in-Cemento-Tipo-B-600x600.webp 600w, https:\/\/www.fibrotubi.com\/wp-content\/uploads\/Comignoli-in-Cemento-Tipo-B.webp 1500w\" sizes=\"(max-width: 900px) 100vw, 900px\" \/>                <\/a>\n            <\/div>\n            <div class=\"rebuilto-product-content\">\n                <a href=\"https:\/\/www.fibrotubi.com\/fr\/prodotti\/souches-de-cheminee-en-beton-type-b-presse\/\">\n                <div class=\"rebuilto-product-brand\"><\/div>\n                <h3 class=\"rebuilto-product-title\">Souches de chemin\u00e9e en b\u00e9ton &#8211; Type B press\u00e9<\/h3><\/a>\n                <div class=\"elementor-button-wrapper\">\n            <div class=\"service-more-link-wrap style-link\">\n                <a class=\"service-more-link\" href=\"https:\/\/www.fibrotubi.com\/fr\/prodotti\/souches-de-cheminee-en-beton-type-b-presse\/\"><i class=\"rebuilto-icon-arrow-up-right\"><\/i><span>Scheda prodotto<\/span><\/a>\n            <\/div>\n        <\/div>\n                <!--<p class=\"rebuilto-product-excerpt\">Chemin\u00e9es en b\u00e9ton Souches de chemin\u00e9e en b\u00e9ton &#8211; Type B PRESS\u00c9 Les souches de\u2026<\/p>-->\n            <\/div>\n        <\/div>         <div class=\"rebuilto-product-item layout-1\">\n            <div class=\"rebuilto-product-image\">\n                <a href=\"https:\/\/www.fibrotubi.com\/fr\/prodotti\/tubes-en-argile-expansee\/\">\n                <img loading=\"lazy\" decoding=\"async\" width=\"900\" height=\"900\" src=\"https:\/\/www.fibrotubi.com\/wp-content\/uploads\/Canne-in-Argilla-Espansa-1024x1024.webp\" class=\"attachment-large size-large wp-post-image\" alt=\"\" srcset=\"https:\/\/www.fibrotubi.com\/wp-content\/uploads\/Canne-in-Argilla-Espansa-1024x1024.webp 1024w, https:\/\/www.fibrotubi.com\/wp-content\/uploads\/Canne-in-Argilla-Espansa-300x300.webp 300w, https:\/\/www.fibrotubi.com\/wp-content\/uploads\/Canne-in-Argilla-Espansa-150x150.webp 150w, https:\/\/www.fibrotubi.com\/wp-content\/uploads\/Canne-in-Argilla-Espansa-768x768.webp 768w, https:\/\/www.fibrotubi.com\/wp-content\/uploads\/Canne-in-Argilla-Espansa-400x400.webp 400w, https:\/\/www.fibrotubi.com\/wp-content\/uploads\/Canne-in-Argilla-Espansa-600x600.webp 600w, https:\/\/www.fibrotubi.com\/wp-content\/uploads\/Canne-in-Argilla-Espansa.webp 1500w\" sizes=\"(max-width: 900px) 100vw, 900px\" \/>                <\/a>\n            <\/div>\n            <div class=\"rebuilto-product-content\">\n                <a href=\"https:\/\/www.fibrotubi.com\/fr\/prodotti\/tubes-en-argile-expansee\/\">\n                <div class=\"rebuilto-product-brand\"><\/div>\n                <h3 class=\"rebuilto-product-title\">Tubes en argile expans\u00e9e<\/h3><\/a>\n                <div class=\"elementor-button-wrapper\">\n            <div class=\"service-more-link-wrap style-link\">\n                <a class=\"service-more-link\" href=\"https:\/\/www.fibrotubi.com\/fr\/prodotti\/tubes-en-argile-expansee\/\"><i class=\"rebuilto-icon-arrow-up-right\"><\/i><span>Scheda prodotto<\/span><\/a>\n            <\/div>\n        <\/div>\n                <!--<p class=\"rebuilto-product-excerpt\">Tubes en argile expans\u00e9e GEA, type Leca Tubes en argile expans\u00e9e Les tubes en argile\u2026<\/p>-->\n            <\/div>\n        <\/div>         <div class=\"rebuilto-product-item layout-1\">\n            <div class=\"rebuilto-product-image\">\n                <a href=\"https:\/\/www.fibrotubi.com\/fr\/prodotti\/caniveaux-grillages\/\">\n                <img loading=\"lazy\" decoding=\"async\" width=\"900\" height=\"900\" src=\"https:\/\/www.fibrotubi.com\/wp-content\/uploads\/Canali-Grigliati-Fibroself-1024x1024.webp\" class=\"attachment-large size-large wp-post-image\" alt=\"\" srcset=\"https:\/\/www.fibrotubi.com\/wp-content\/uploads\/Canali-Grigliati-Fibroself-1024x1024.webp 1024w, https:\/\/www.fibrotubi.com\/wp-content\/uploads\/Canali-Grigliati-Fibroself-300x300.webp 300w, https:\/\/www.fibrotubi.com\/wp-content\/uploads\/Canali-Grigliati-Fibroself-150x150.webp 150w, https:\/\/www.fibrotubi.com\/wp-content\/uploads\/Canali-Grigliati-Fibroself-768x768.webp 768w, https:\/\/www.fibrotubi.com\/wp-content\/uploads\/Canali-Grigliati-Fibroself-400x400.webp 400w, https:\/\/www.fibrotubi.com\/wp-content\/uploads\/Canali-Grigliati-Fibroself-600x600.webp 600w, https:\/\/www.fibrotubi.com\/wp-content\/uploads\/Canali-Grigliati-Fibroself.webp 1500w\" sizes=\"(max-width: 900px) 100vw, 900px\" \/>                <\/a>\n            <\/div>\n            <div class=\"rebuilto-product-content\">\n                <a href=\"https:\/\/www.fibrotubi.com\/fr\/prodotti\/caniveaux-grillages\/\">\n                <div class=\"rebuilto-product-brand\"><\/div>\n                <h3 class=\"rebuilto-product-title\">Caniveaux grillag\u00e9s<\/h3><\/a>\n                <div class=\"elementor-button-wrapper\">\n            <div class=\"service-more-link-wrap style-link\">\n                <a class=\"service-more-link\" href=\"https:\/\/www.fibrotubi.com\/fr\/prodotti\/caniveaux-grillages\/\"><i class=\"rebuilto-icon-arrow-up-right\"><\/i><span>Scheda prodotto<\/span><\/a>\n            <\/div>\n        <\/div>\n                <!--<p class=\"rebuilto-product-excerpt\">Caniveaux grillag\u00e9s en b\u00e9ton CE de Fibrotubi Caniveaux grillag\u00e9s La gamme Gea de caniveaux grillag\u00e9s\u2026<\/p>-->\n            <\/div>\n        <\/div> <\/div>\t\t\t\t<\/div>\n\t\t\t\t<\/div>\n\t\t\t\t<\/div>\n\t\t\t\t<\/div>\n\t\t\t\t\t<\/div>\n\t\t\t\t<\/div>\n\t\t<div class=\"elementor-element elementor-element-fad2168 e-flex e-con-boxed e-con e-parent\" data-id=\"fad2168\" data-element_type=\"container\" data-e-type=\"container\">\n\t\t\t\t\t<div class=\"e-con-inner\">\n\t\t\t\t<div class=\"elementor-element elementor-element-0912e18 elementor-widget elementor-widget-html\" data-id=\"0912e18\" data-element_type=\"widget\" data-e-type=\"widget\" data-widget_type=\"html.default\">\n\t\t\t\t<div class=\"elementor-widget-container\">\n\t\t\t\t\t<script>document.addEventListener(\"DOMContentLoaded\", function () {\n    \/\/ Seleziona tutti i link all'interno di voci-categorie > h6 > a\n    const menuItems = document.querySelectorAll(\".voci-categorie h6 a\");\n    \/\/ Aggiunge uno scroll listener per aggiornare il menu\n    document.addEventListener(\"scroll\", function () {\n        let mostVisibleSectionId = null;\n        let maxVisibleHeight = 0;\n\n        \/\/ Itera sui link per determinare quale sezione \u00e8 visibile\n        menuItems.forEach((menuItem, index) => {\n            const href = menuItem.getAttribute(\"href\");\n            if (href && href.startsWith(\"#\")) {\n                const sectionId = href.substring(1); \/\/ Rimuove il simbolo #\n                const section = document.getElementById(sectionId); \/\/ Cerca la sezione con l'ID\n\n                if (section) {\n                    const rect = section.getBoundingClientRect();\n                    const visibleHeight = Math.min(rect.bottom, window.innerHeight) - Math.max(rect.top, 0);\n                    console.log(`Sezione ${index + 1} (${sectionId}): Altezza visibile: ${visibleHeight}`);\n\n                    if (visibleHeight > maxVisibleHeight) {\n                        maxVisibleHeight = visibleHeight;\n                        mostVisibleSectionId = sectionId;\n                    }\n                } else {\n                    console.warn(`Sezione non trovata per ID: ${sectionId}`);\n                }\n            }\n        });\n\n        console.log(\"Sezione pi\u00f9 visibile:\", mostVisibleSectionId);\n\n        \/\/ Aggiorna la classe attiva nei link\n        menuItems.forEach((menuItem) => {\n            const href = menuItem.getAttribute(\"href\");\n            if (href && href.substring(1) === mostVisibleSectionId) {\n                console.log(`Attivando classe active per il link:`, menuItem.textContent.trim());\n                menuItem.classList.add(\"active\");\n            } else {\n                menuItem.classList.remove(\"active\");\n            }\n        });\n    });\n});\n\n<\/script>\t\t\t\t<\/div>\n\t\t\t\t<\/div>\n\t\t\t\t\t<\/div>\n\t\t\t\t<\/div>\n\t\t\t\t<\/div>\n\t\t","protected":false},"excerpt":{"rendered":"<p>SYST\u00c8MES DE COUVERTURE Fibrotubi propose une gamme compl\u00e8te de syst\u00e8mes de couverture pour le b\u00e2timent civil et industriel, con\u00e7us pour garantir l\u2019\u00e9tanch\u00e9it\u00e9, l\u2019isolation thermique et la durabilit\u00e9 dans le temps. Parmi les solutions propos\u00e9es figurent des panneaux isolants et des plaques modulaires en acier, id\u00e9ales aussi bien pour les nouvelles constructions que pour les projets [&hellip;]<\/p>\n","protected":false},"author":1,"featured_media":0,"parent":0,"menu_order":0,"comment_status":"closed","ping_status":"closed","template":"template-homepage.php","meta":{"_acf_changed":false,"footnotes":""},"class_list":["post-16376","page","type-page","status-publish","hentry"],"acf":[],"yoast_head":"<!-- This site is optimized with the Yoast SEO plugin v27.1.1 - https:\/\/yoast.com\/product\/yoast-seo-wordpress\/ -->\n<title>Syst\u00e8mes de couverture - Fibrotubi SRL<\/title>\n<meta name=\"description\" content=\"Fibrotubi propose une gamme compl\u00e8te de syst\u00e8mes de couverture pour le b\u00e2timent civil et industriel, con\u00e7us pour garantir l\u2019\u00e9tanch\u00e9it\u00e9 et la durabilit\u00e9 dans le temps.\" \/>\n<meta name=\"robots\" content=\"index, follow, max-snippet:-1, max-image-preview:large, max-video-preview:-1\" \/>\n<link rel=\"canonical\" href=\"https:\/\/www.fibrotubi.com\/fr\/systemes-de-couverture\/\" \/>\n<meta property=\"og:locale\" content=\"fr_FR\" \/>\n<meta property=\"og:type\" content=\"article\" \/>\n<meta property=\"og:title\" content=\"Syst\u00e8mes de couverture - Fibrotubi SRL\" \/>\n<meta property=\"og:description\" content=\"Fibrotubi propose une gamme compl\u00e8te de syst\u00e8mes de couverture pour le b\u00e2timent civil et industriel, con\u00e7us pour garantir l\u2019\u00e9tanch\u00e9it\u00e9 et la durabilit\u00e9 dans le temps.\" \/>\n<meta property=\"og:url\" content=\"https:\/\/www.fibrotubi.com\/fr\/systemes-de-couverture\/\" \/>\n<meta property=\"og:site_name\" content=\"Fibrotubi\" \/>\n<meta property=\"article:publisher\" content=\"https:\/\/www.facebook.com\/fibrotubi\/\" \/>\n<meta property=\"article:modified_time\" content=\"2026-03-10T13:01:24+00:00\" \/>\n<meta property=\"og:image\" content=\"https:\/\/www.fibrotubi.com\/wp-content\/uploads\/Fibrograf-2-2-1024x1024.webp\" \/>\n<meta name=\"twitter:card\" content=\"summary_large_image\" \/>\n<meta name=\"twitter:label1\" content=\"Dur\u00e9e de lecture estim\u00e9e\" \/>\n\t<meta name=\"twitter:data1\" content=\"4 minutes\" \/>\n<script type=\"application\/ld+json\" class=\"yoast-schema-graph\">{\"@context\":\"https:\/\/schema.org\",\"@graph\":[{\"@type\":\"WebPage\",\"@id\":\"https:\/\/www.fibrotubi.com\/fr\/systemes-de-couverture\/\",\"url\":\"https:\/\/www.fibrotubi.com\/fr\/systemes-de-couverture\/\",\"name\":\"Syst\u00e8mes de couverture - Fibrotubi SRL\",\"isPartOf\":{\"@id\":\"https:\/\/www.fibrotubi.com\/fr\/#website\"},\"primaryImageOfPage\":{\"@id\":\"https:\/\/www.fibrotubi.com\/fr\/systemes-de-couverture\/#primaryimage\"},\"image\":{\"@id\":\"https:\/\/www.fibrotubi.com\/fr\/systemes-de-couverture\/#primaryimage\"},\"thumbnailUrl\":\"https:\/\/www.fibrotubi.com\/wp-content\/uploads\/Fibrograf-2-2-1024x1024.webp\",\"datePublished\":\"2024-12-06T15:36:28+00:00\",\"dateModified\":\"2026-03-10T13:01:24+00:00\",\"description\":\"Fibrotubi propose une gamme compl\u00e8te de syst\u00e8mes de couverture pour le b\u00e2timent civil et industriel, con\u00e7us pour garantir l\u2019\u00e9tanch\u00e9it\u00e9 et la durabilit\u00e9 dans le temps.\",\"breadcrumb\":{\"@id\":\"https:\/\/www.fibrotubi.com\/fr\/systemes-de-couverture\/#breadcrumb\"},\"inLanguage\":\"fr-FR\",\"potentialAction\":[{\"@type\":\"ReadAction\",\"target\":[\"https:\/\/www.fibrotubi.com\/fr\/systemes-de-couverture\/\"]}]},{\"@type\":\"ImageObject\",\"inLanguage\":\"fr-FR\",\"@id\":\"https:\/\/www.fibrotubi.com\/fr\/systemes-de-couverture\/#primaryimage\",\"url\":\"https:\/\/www.fibrotubi.com\/wp-content\/uploads\/Fibrograf-2-2-1024x1024.webp\",\"contentUrl\":\"https:\/\/www.fibrotubi.com\/wp-content\/uploads\/Fibrograf-2-2-1024x1024.webp\"},{\"@type\":\"BreadcrumbList\",\"@id\":\"https:\/\/www.fibrotubi.com\/fr\/systemes-de-couverture\/#breadcrumb\",\"itemListElement\":[{\"@type\":\"ListItem\",\"position\":1,\"name\":\"Home\",\"item\":\"https:\/\/www.fibrotubi.com\/fr\/\"},{\"@type\":\"ListItem\",\"position\":2,\"name\":\"Syst\u00e8mes de couverture\"}]},{\"@type\":\"WebSite\",\"@id\":\"https:\/\/www.fibrotubi.com\/fr\/#website\",\"url\":\"https:\/\/www.fibrotubi.com\/fr\/\",\"name\":\"Fibrotubi SRL\",\"description\":\"Prodotti per Edilizia Civile e Industriale\",\"publisher\":{\"@id\":\"https:\/\/www.fibrotubi.com\/fr\/#organization\"},\"potentialAction\":[{\"@type\":\"SearchAction\",\"target\":{\"@type\":\"EntryPoint\",\"urlTemplate\":\"https:\/\/www.fibrotubi.com\/fr\/?s={search_term_string}\"},\"query-input\":{\"@type\":\"PropertyValueSpecification\",\"valueRequired\":true,\"valueName\":\"search_term_string\"}}],\"inLanguage\":\"fr-FR\"},{\"@type\":\"Organization\",\"@id\":\"https:\/\/www.fibrotubi.com\/fr\/#organization\",\"name\":\"Fibrotubi\",\"url\":\"https:\/\/www.fibrotubi.com\/fr\/\",\"logo\":{\"@type\":\"ImageObject\",\"inLanguage\":\"fr-FR\",\"@id\":\"https:\/\/www.fibrotubi.com\/fr\/#\/schema\/logo\/image\/\",\"url\":\"https:\/\/www.fibrotubi.com\/wp-content\/uploads\/2024\/12\/Logo-Fibrotubi-blu-scuro.png\",\"contentUrl\":\"https:\/\/www.fibrotubi.com\/wp-content\/uploads\/2024\/12\/Logo-Fibrotubi-blu-scuro.png\",\"width\":1000,\"height\":151,\"caption\":\"Fibrotubi\"},\"image\":{\"@id\":\"https:\/\/www.fibrotubi.com\/fr\/#\/schema\/logo\/image\/\"},\"sameAs\":[\"https:\/\/www.facebook.com\/fibrotubi\/\",\"https:\/\/www.instagram.com\/fibrotubi\/\",\"https:\/\/www.youtube.com\/user\/FibrotubiSRL\",\"https:\/\/www.linkedin.com\/company\/fibrotubi\/\"]}]}<\/script>\n<!-- \/ Yoast SEO plugin. -->","yoast_head_json":{"title":"Syst\u00e8mes de couverture - Fibrotubi SRL","description":"Fibrotubi propose une gamme compl\u00e8te de syst\u00e8mes de couverture pour le b\u00e2timent civil et industriel, con\u00e7us pour garantir l\u2019\u00e9tanch\u00e9it\u00e9 et la durabilit\u00e9 dans le temps.","robots":{"index":"index","follow":"follow","max-snippet":"max-snippet:-1","max-image-preview":"max-image-preview:large","max-video-preview":"max-video-preview:-1"},"canonical":"https:\/\/www.fibrotubi.com\/fr\/systemes-de-couverture\/","og_locale":"fr_FR","og_type":"article","og_title":"Syst\u00e8mes de couverture - Fibrotubi SRL","og_description":"Fibrotubi propose une gamme compl\u00e8te de syst\u00e8mes de couverture pour le b\u00e2timent civil et industriel, con\u00e7us pour garantir l\u2019\u00e9tanch\u00e9it\u00e9 et la durabilit\u00e9 dans le temps.","og_url":"https:\/\/www.fibrotubi.com\/fr\/systemes-de-couverture\/","og_site_name":"Fibrotubi","article_publisher":"https:\/\/www.facebook.com\/fibrotubi\/","article_modified_time":"2026-03-10T13:01:24+00:00","og_image":[{"url":"https:\/\/www.fibrotubi.com\/wp-content\/uploads\/Fibrograf-2-2-1024x1024.webp","type":"","width":"","height":""}],"twitter_card":"summary_large_image","twitter_misc":{"Dur\u00e9e de lecture estim\u00e9e":"4 minutes"},"schema":{"@context":"https:\/\/schema.org","@graph":[{"@type":"WebPage","@id":"https:\/\/www.fibrotubi.com\/fr\/systemes-de-couverture\/","url":"https:\/\/www.fibrotubi.com\/fr\/systemes-de-couverture\/","name":"Syst\u00e8mes de couverture - Fibrotubi SRL","isPartOf":{"@id":"https:\/\/www.fibrotubi.com\/fr\/#website"},"primaryImageOfPage":{"@id":"https:\/\/www.fibrotubi.com\/fr\/systemes-de-couverture\/#primaryimage"},"image":{"@id":"https:\/\/www.fibrotubi.com\/fr\/systemes-de-couverture\/#primaryimage"},"thumbnailUrl":"https:\/\/www.fibrotubi.com\/wp-content\/uploads\/Fibrograf-2-2-1024x1024.webp","datePublished":"2024-12-06T15:36:28+00:00","dateModified":"2026-03-10T13:01:24+00:00","description":"Fibrotubi propose une gamme compl\u00e8te de syst\u00e8mes de couverture pour le b\u00e2timent civil et industriel, con\u00e7us pour garantir l\u2019\u00e9tanch\u00e9it\u00e9 et la durabilit\u00e9 dans le temps.","breadcrumb":{"@id":"https:\/\/www.fibrotubi.com\/fr\/systemes-de-couverture\/#breadcrumb"},"inLanguage":"fr-FR","potentialAction":[{"@type":"ReadAction","target":["https:\/\/www.fibrotubi.com\/fr\/systemes-de-couverture\/"]}]},{"@type":"ImageObject","inLanguage":"fr-FR","@id":"https:\/\/www.fibrotubi.com\/fr\/systemes-de-couverture\/#primaryimage","url":"https:\/\/www.fibrotubi.com\/wp-content\/uploads\/Fibrograf-2-2-1024x1024.webp","contentUrl":"https:\/\/www.fibrotubi.com\/wp-content\/uploads\/Fibrograf-2-2-1024x1024.webp"},{"@type":"BreadcrumbList","@id":"https:\/\/www.fibrotubi.com\/fr\/systemes-de-couverture\/#breadcrumb","itemListElement":[{"@type":"ListItem","position":1,"name":"Home","item":"https:\/\/www.fibrotubi.com\/fr\/"},{"@type":"ListItem","position":2,"name":"Syst\u00e8mes de couverture"}]},{"@type":"WebSite","@id":"https:\/\/www.fibrotubi.com\/fr\/#website","url":"https:\/\/www.fibrotubi.com\/fr\/","name":"Fibrotubi SRL","description":"Prodotti per Edilizia Civile e Industriale","publisher":{"@id":"https:\/\/www.fibrotubi.com\/fr\/#organization"},"potentialAction":[{"@type":"SearchAction","target":{"@type":"EntryPoint","urlTemplate":"https:\/\/www.fibrotubi.com\/fr\/?s={search_term_string}"},"query-input":{"@type":"PropertyValueSpecification","valueRequired":true,"valueName":"search_term_string"}}],"inLanguage":"fr-FR"},{"@type":"Organization","@id":"https:\/\/www.fibrotubi.com\/fr\/#organization","name":"Fibrotubi","url":"https:\/\/www.fibrotubi.com\/fr\/","logo":{"@type":"ImageObject","inLanguage":"fr-FR","@id":"https:\/\/www.fibrotubi.com\/fr\/#\/schema\/logo\/image\/","url":"https:\/\/www.fibrotubi.com\/wp-content\/uploads\/2024\/12\/Logo-Fibrotubi-blu-scuro.png","contentUrl":"https:\/\/www.fibrotubi.com\/wp-content\/uploads\/2024\/12\/Logo-Fibrotubi-blu-scuro.png","width":1000,"height":151,"caption":"Fibrotubi"},"image":{"@id":"https:\/\/www.fibrotubi.com\/fr\/#\/schema\/logo\/image\/"},"sameAs":["https:\/\/www.facebook.com\/fibrotubi\/","https:\/\/www.instagram.com\/fibrotubi\/","https:\/\/www.youtube.com\/user\/FibrotubiSRL","https:\/\/www.linkedin.com\/company\/fibrotubi\/"]}]}},"_links":{"self":[{"href":"https:\/\/www.fibrotubi.com\/fr\/wp-json\/wp\/v2\/pages\/16376","targetHints":{"allow":["GET"]}}],"collection":[{"href":"https:\/\/www.fibrotubi.com\/fr\/wp-json\/wp\/v2\/pages"}],"about":[{"href":"https:\/\/www.fibrotubi.com\/fr\/wp-json\/wp\/v2\/types\/page"}],"author":[{"embeddable":true,"href":"https:\/\/www.fibrotubi.com\/fr\/wp-json\/wp\/v2\/users\/1"}],"replies":[{"embeddable":true,"href":"https:\/\/www.fibrotubi.com\/fr\/wp-json\/wp\/v2\/comments?post=16376"}],"version-history":[{"count":4,"href":"https:\/\/www.fibrotubi.com\/fr\/wp-json\/wp\/v2\/pages\/16376\/revisions"}],"predecessor-version":[{"id":16380,"href":"https:\/\/www.fibrotubi.com\/fr\/wp-json\/wp\/v2\/pages\/16376\/revisions\/16380"}],"wp:attachment":[{"href":"https:\/\/www.fibrotubi.com\/fr\/wp-json\/wp\/v2\/media?parent=16376"}],"curies":[{"name":"wp","href":"https:\/\/api.w.org\/{rel}","templated":true}]}}